{"id":23094,"date":"2023-07-05T11:35:46","date_gmt":"2023-07-05T09:35:46","guid":{"rendered":"https:\/\/geab.se\/elnat\/?page_id=23094"},"modified":"2026-04-13T14:48:43","modified_gmt":"2026-04-13T12:48:43","slug":"eu-projekt","status":"publish","type":"page","link":"https:\/\/geab.se\/elnat\/projekt\/eu-projekt\/","title":{"rendered":"EU-projekt"},"content":{"rendered":"\t\t<div data-elementor-type=\"wp-page\" data-elementor-id=\"23094\" class=\"elementor elementor-23094\" data-elementor-post-type=\"page\">\n\t\t\t\t\t\t<section class=\"elementor-section elementor-top-section elementor-element elementor-element-2f035887 elementor-section-boxed elementor-section-height-default elementor-section-height-default\" data-id=\"2f035887\" data-element_type=\"section\" data-e-type=\"section\">\n\t\t\t\t\t\t<div class=\"elementor-container elementor-column-gap-default\">\n\t\t\t\t\t<div class=\"elementor-column elementor-col-100 elementor-top-column elementor-element elementor-element-189a8e00\" data-id=\"189a8e00\" data-element_type=\"column\" data-e-type=\"column\">\n\t\t\t<div class=\"elementor-widget-wrap elementor-element-populated\">\n\t\t\t\t\t\t<div class=\"elementor-element elementor-element-41b325e9 elementor-nav-menu__align-center elementor-hidden-mobile elementor-hidden-tablet elementor-nav-menu--dropdown-tablet elementor-nav-menu__text-align-aside elementor-nav-menu--toggle elementor-nav-menu--burger elementor-widget elementor-widget-nav-menu\" data-id=\"41b325e9\" data-element_type=\"widget\" data-e-type=\"widget\" data-settings=\"{&quot;layout&quot;:&quot;horizontal&quot;,&quot;submenu_icon&quot;:{&quot;value&quot;:&quot;&lt;i class=\\&quot;fas fa-caret-down\\&quot; aria-hidden=\\&quot;true\\&quot;&gt;&lt;\\\/i&gt;&quot;,&quot;library&quot;:&quot;fa-solid&quot;},&quot;toggle&quot;:&quot;burger&quot;}\" data-widget_type=\"nav-menu.default\">\n\t\t\t\t<div class=\"elementor-widget-container\">\n\t\t\t\t\t\t\t\t<nav aria-label=\"Meny\" class=\"elementor-nav-menu--main elementor-nav-menu__container elementor-nav-menu--layout-horizontal e--pointer-none\">\n\t\t\t\t<ul id=\"menu-1-41b325e9\" class=\"elementor-nav-menu\"><li class=\"menu-item menu-item-type-post_type menu-item-object-page menu-item-12527\"><a href=\"https:\/\/geab.se\/elnat\/projekt\/kapacitet-gotland\/\" class=\"elementor-item\">Kapacitet Gotland<\/a><\/li>\n<li class=\"menu-item menu-item-type-post_type menu-item-object-page menu-item-95973\"><a href=\"https:\/\/geab.se\/elnat\/satsningar\/\" class=\"elementor-item\">V\u00e5ra satsningar<\/a><\/li>\n<li class=\"menu-item menu-item-type-post_type menu-item-object-page menu-item-17187\"><a href=\"https:\/\/geab.se\/elnat\/underhallsrojning\/\" class=\"elementor-item\">Underh\u00e5llsr\u00f6jning<\/a><\/li>\n<li class=\"menu-item menu-item-type-post_type menu-item-object-page menu-item-106133\"><a href=\"https:\/\/geab.se\/elnat\/kabelskap-utstallning\/\" class=\"elementor-item\">Kabelsk\u00e5p utst\u00e4llning<\/a><\/li>\n<li class=\"menu-item menu-item-type-post_type menu-item-object-page menu-item-23158\"><a href=\"https:\/\/geab.se\/elnat\/projekt\/eu-projekt\/\" class=\"elementor-item\">EU-projekt<\/a><\/li>\n<li class=\"menu-item menu-item-type-post_type menu-item-object-page menu-item-13177\"><a href=\"https:\/\/geab.se\/elnat\/projekt\/smart-elnatsovervakning\/\" class=\"elementor-item\">Smart eln\u00e4ts\u00f6vervakning<\/a><\/li>\n<\/ul>\t\t\t<\/nav>\n\t\t\t\t\t<div class=\"elementor-menu-toggle\" role=\"button\" tabindex=\"0\" aria-label=\"Sl\u00e5 p\u00e5\/av meny\" aria-expanded=\"false\">\n\t\t\t<i aria-hidden=\"true\" role=\"presentation\" class=\"elementor-menu-toggle__icon--open eicon-menu-bar\"><\/i><i aria-hidden=\"true\" role=\"presentation\" class=\"elementor-menu-toggle__icon--close eicon-close\"><\/i>\t\t<\/div>\n\t\t\t\t\t<nav class=\"elementor-nav-menu--dropdown elementor-nav-menu__container\" aria-hidden=\"true\">\n\t\t\t\t<ul id=\"menu-2-41b325e9\" class=\"elementor-nav-menu\"><li class=\"menu-item menu-item-type-post_type menu-item-object-page menu-item-12527\"><a href=\"https:\/\/geab.se\/elnat\/projekt\/kapacitet-gotland\/\" class=\"elementor-item\" tabindex=\"-1\">Kapacitet Gotland<\/a><\/li>\n<li class=\"menu-item menu-item-type-post_type menu-item-object-page menu-item-95973\"><a href=\"https:\/\/geab.se\/elnat\/satsningar\/\" class=\"elementor-item\" tabindex=\"-1\">V\u00e5ra satsningar<\/a><\/li>\n<li class=\"menu-item menu-item-type-post_type menu-item-object-page menu-item-17187\"><a href=\"https:\/\/geab.se\/elnat\/underhallsrojning\/\" class=\"elementor-item\" tabindex=\"-1\">Underh\u00e5llsr\u00f6jning<\/a><\/li>\n<li class=\"menu-item menu-item-type-post_type menu-item-object-page menu-item-106133\"><a href=\"https:\/\/geab.se\/elnat\/kabelskap-utstallning\/\" class=\"elementor-item\" tabindex=\"-1\">Kabelsk\u00e5p utst\u00e4llning<\/a><\/li>\n<li class=\"menu-item menu-item-type-post_type menu-item-object-page menu-item-23158\"><a href=\"https:\/\/geab.se\/elnat\/projekt\/eu-projekt\/\" class=\"elementor-item\" tabindex=\"-1\">EU-projekt<\/a><\/li>\n<li class=\"menu-item menu-item-type-post_type menu-item-object-page menu-item-13177\"><a href=\"https:\/\/geab.se\/elnat\/projekt\/smart-elnatsovervakning\/\" class=\"elementor-item\" tabindex=\"-1\">Smart eln\u00e4ts\u00f6vervakning<\/a><\/li>\n<\/ul>\t\t\t<\/nav>\n\t\t\t\t\t\t<\/div>\n\t\t\t\t<\/div>\n\t\t\t\t\t<\/div>\n\t\t<\/div>\n\t\t\t\t\t<\/div>\n\t\t<\/section>\n\t\t\t\t<section class=\"elementor-section elementor-top-section elementor-element elementor-element-24fcbe95 elementor-section-height-min-height elementor-section-content-middle elementor-section-boxed elementor-section-height-default elementor-section-items-middle\" data-id=\"24fcbe95\" data-element_type=\"section\" data-e-type=\"section\" data-settings=\"{&quot;background_background&quot;:&quot;classic&quot;}\">\n\t\t\t\t\t\t\t<div class=\"elementor-background-overlay\"><\/div>\n\t\t\t\t\t\t\t<div class=\"elementor-container elementor-column-gap-no\">\n\t\t\t\t\t<div class=\"elementor-column elementor-col-100 elementor-top-column elementor-element elementor-element-29e05cfe\" data-id=\"29e05cfe\" data-element_type=\"column\" data-e-type=\"column\">\n\t\t\t<div class=\"elementor-widget-wrap elementor-element-populated\">\n\t\t\t\t\t\t<section class=\"elementor-section elementor-inner-section elementor-element elementor-element-3b91dd78 elementor-section-content-middle elementor-section-boxed elementor-section-height-default elementor-section-height-default\" data-id=\"3b91dd78\" data-element_type=\"section\" data-e-type=\"section\">\n\t\t\t\t\t\t<div class=\"elementor-container elementor-column-gap-wide\">\n\t\t\t\t\t<div class=\"elementor-column elementor-col-100 elementor-inner-column elementor-element elementor-element-4f24101d\" data-id=\"4f24101d\" data-element_type=\"column\" data-e-type=\"column\">\n\t\t\t<div class=\"elementor-widget-wrap elementor-element-populated\">\n\t\t\t\t\t\t<div class=\"elementor-element elementor-element-62e382eb elementor-widget elementor-widget-heading\" data-id=\"62e382eb\" data-element_type=\"widget\" data-e-type=\"widget\" data-widget_type=\"heading.default\">\n\t\t\t\t<div class=\"elementor-widget-container\">\n\t\t\t\t\t<h1 class=\"elementor-heading-title elementor-size-default\">EU-projekt<\/h1>\t\t\t\t<\/div>\n\t\t\t\t<\/div>\n\t\t\t\t\t<\/div>\n\t\t<\/div>\n\t\t\t\t\t<\/div>\n\t\t<\/section>\n\t\t\t\t\t<\/div>\n\t\t<\/div>\n\t\t\t\t\t<\/div>\n\t\t<\/section>\n\t\t<div class=\"elementor-element elementor-element-a08b456 e-flex e-con-boxed e-con e-parent\" data-id=\"a08b456\" data-element_type=\"container\" data-e-type=\"container\">\n\t\t\t\t\t<div class=\"e-con-inner\">\n\t\t\t\t<div class=\"elementor-element elementor-element-b713315 elementor-widget elementor-widget-text-editor\" data-id=\"b713315\" data-element_type=\"widget\" data-e-type=\"widget\" data-widget_type=\"text-editor.default\">\n\t\t\t\t<div class=\"elementor-widget-container\">\n\t\t\t\t\t\t\t\t\t<p>Fonden f\u00f6r en r\u00e4ttvis omst\u00e4llning (FRO) riktar sig till regioner och industrier med h\u00f6ga koldioxidutsl\u00e4pp och ska st\u00f6dja klimatomst\u00e4llningen utan att konkurrenskraften f\u00f6rs\u00e4mras. Medlen kan anv\u00e4ndas till klimatsmart teknik, kompetensutveckling, forskning och st\u00e4rkta eln\u00e4t. Programmet omfattar cirka 2,9 miljarder kronor f\u00f6r insatser i Norrbotten, V\u00e4sterbotten och Gotland.<\/p>\t\t\t\t\t\t\t\t<\/div>\n\t\t\t\t<\/div>\n\t\t\t\t\t<\/div>\n\t\t\t\t<\/div>\n\t\t<div class=\"elementor-element elementor-element-4198c3d e-flex e-con-boxed e-con e-parent\" data-id=\"4198c3d\" data-element_type=\"container\" data-e-type=\"container\">\n\t\t\t\t\t<div class=\"e-con-inner\">\n\t\t\t\t<div class=\"elementor-element elementor-element-6eb74ea elementor-widget elementor-widget-image\" data-id=\"6eb74ea\" data-element_type=\"widget\" data-e-type=\"widget\" data-widget_type=\"image.default\">\n\t\t\t\t<div class=\"elementor-widget-container\">\n\t\t\t\t\t\t\t\t\t\t\t\t\t\t\t<img fetchpriority=\"high\" decoding=\"async\" width=\"2560\" height=\"568\" src=\"https:\/\/geab.se\/elnat\/wp-content\/uploads\/sites\/3\/2025\/11\/SV_Co-fundedbytheEU_RGB_POS-scaled.png\" class=\"attachment-full size-full wp-image-105150\" alt=\"Banderoll med texten Medfinansieras av Europeiska unionen.\" srcset=\"https:\/\/geab.se\/elnat\/wp-content\/uploads\/sites\/3\/2025\/11\/SV_Co-fundedbytheEU_RGB_POS-scaled.png 2560w, https:\/\/geab.se\/elnat\/wp-content\/uploads\/sites\/3\/2025\/11\/SV_Co-fundedbytheEU_RGB_POS-600x133.png 600w, https:\/\/geab.se\/elnat\/wp-content\/uploads\/sites\/3\/2025\/11\/SV_Co-fundedbytheEU_RGB_POS-1200x266.png 1200w, https:\/\/geab.se\/elnat\/wp-content\/uploads\/sites\/3\/2025\/11\/SV_Co-fundedbytheEU_RGB_POS-1536x341.png 1536w, https:\/\/geab.se\/elnat\/wp-content\/uploads\/sites\/3\/2025\/11\/SV_Co-fundedbytheEU_RGB_POS-2048x455.png 2048w\" sizes=\"(max-width: 2560px) 100vw, 2560px\" \/>\t\t\t\t\t\t\t\t\t\t\t\t\t\t\t<\/div>\n\t\t\t\t<\/div>\n\t\t\t\t\t<\/div>\n\t\t\t\t<\/div>\n\t\t<div class=\"elementor-element elementor-element-6663124 e-flex e-con-boxed e-con e-parent\" data-id=\"6663124\" data-element_type=\"container\" data-e-type=\"container\">\n\t\t\t\t\t<div class=\"e-con-inner\">\n\t\t\t\t<div class=\"elementor-element elementor-element-2d200ee elementor-widget elementor-widget-heading\" data-id=\"2d200ee\" data-element_type=\"widget\" data-e-type=\"widget\" data-widget_type=\"heading.default\">\n\t\t\t\t<div class=\"elementor-widget-container\">\n\t\t\t\t\t<h2 class=\"elementor-heading-title elementor-size-default\">Projekt som delvis finansieras  fr\u00e5n fonden f\u00f6r r\u00e4ttvis omst\u00e4llning<\/h2>\t\t\t\t<\/div>\n\t\t\t\t<\/div>\n\t\t\t\t<div class=\"elementor-element elementor-element-240f9f6 elementor-widget elementor-widget-text-editor\" data-id=\"240f9f6\" data-element_type=\"widget\" data-e-type=\"widget\" data-widget_type=\"text-editor.default\">\n\t\t\t\t<div class=\"elementor-widget-container\">\n\t\t\t\t\t\t\t\t\t<p style=\"text-align: center\">Gotlands Eln\u00e4t har beviljats st\u00f6d p\u00e5 149 miljoner kronor i EU-medel och 119 miljoner kronor i statlig medfinansiering till flera av delprojekten i Kapacitet Gotland &#8211; v\u00e5rt arbete med att st\u00e4rka \u00f6ns centrala eln\u00e4t f\u00f6r \u00f6kad kapacitet och f\u00f6r att kunna ansluta mer f\u00f6rnybar elproduktion. St\u00f6det ges under samlingsnamnet &#8221;transformatorstation Klinte&#8221;.<\/p>\t\t\t\t\t\t\t\t<\/div>\n\t\t\t\t<\/div>\n\t\t\t\t<div class=\"elementor-element elementor-element-2c86cb6 elementor-align-start elementor-icon-list--layout-traditional elementor-list-item-link-full_width elementor-widget elementor-widget-icon-list\" data-id=\"2c86cb6\" data-element_type=\"widget\" data-e-type=\"widget\" data-widget_type=\"icon-list.default\">\n\t\t\t\t<div class=\"elementor-widget-container\">\n\t\t\t\t\t\t\t<ul class=\"elementor-icon-list-items\">\n\t\t\t\t\t\t\t<li class=\"elementor-icon-list-item\">\n\t\t\t\t\t\t\t\t\t\t\t<a href=\"https:\/\/geab.se\/elnat\/projekt\/kapacitet-gotland\/\">\n\n\t\t\t\t\t\t\t\t\t\t\t\t<span class=\"elementor-icon-list-icon\">\n\t\t\t\t\t\t\t<i aria-hidden=\"true\" class=\"fas fa-arrow-right\"><\/i>\t\t\t\t\t\t<\/span>\n\t\t\t\t\t\t\t\t\t\t<span class=\"elementor-icon-list-text\">L\u00e4s mer om Kapacitet Gotland<\/span>\n\t\t\t\t\t\t\t\t\t\t\t<\/a>\n\t\t\t\t\t\t\t\t\t<\/li>\n\t\t\t\t\t\t<\/ul>\n\t\t\t\t\t\t<\/div>\n\t\t\t\t<\/div>\n\t\t\t\t\t<\/div>\n\t\t\t\t<\/div>\n\t\t\t\t<section class=\"elementor-section elementor-top-section elementor-element elementor-element-29c1789 elementor-section-boxed elementor-section-height-default elementor-section-height-default\" data-id=\"29c1789\" data-element_type=\"section\" data-e-type=\"section\" data-settings=\"{&quot;background_background&quot;:&quot;classic&quot;}\">\n\t\t\t\t\t\t<div class=\"elementor-container elementor-column-gap-default\">\n\t\t\t\t\t<div class=\"elementor-column elementor-col-25 elementor-top-column elementor-element elementor-element-d04368c\" data-id=\"d04368c\" data-element_type=\"column\" data-e-type=\"column\">\n\t\t\t<div class=\"elementor-widget-wrap elementor-element-populated\">\n\t\t\t\t\t\t<section class=\"elementor-section elementor-inner-section elementor-element elementor-element-783d6b0 elementor-section-height-min-height elementor-section-boxed elementor-section-height-default\" data-id=\"783d6b0\" data-element_type=\"section\" data-e-type=\"section\" data-settings=\"{&quot;background_background&quot;:&quot;classic&quot;}\">\n\t\t\t\t\t\t\t<div class=\"elementor-background-overlay\"><\/div>\n\t\t\t\t\t\t\t<div class=\"elementor-container elementor-column-gap-default\">\n\t\t\t\t\t<div class=\"elementor-column elementor-col-100 elementor-inner-column elementor-element elementor-element-1594e77\" data-id=\"1594e77\" data-element_type=\"column\" data-e-type=\"column\" data-settings=\"{&quot;background_background&quot;:&quot;classic&quot;}\">\n\t\t\t<div class=\"elementor-widget-wrap elementor-element-populated\">\n\t\t\t\t\t\t<div class=\"elementor-element elementor-element-f423bb3 elementor-widget elementor-widget-image\" data-id=\"f423bb3\" data-element_type=\"widget\" data-e-type=\"widget\" data-widget_type=\"image.default\">\n\t\t\t\t<div class=\"elementor-widget-container\">\n\t\t\t\t\t\t\t\t\t\t\t\t\t\t\t<img decoding=\"async\" src=\"https:\/\/geab.se\/elnat\/wp-content\/uploads\/sites\/3\/elementor\/thumbs\/IMG_7505-kopiera-scaled-r6px6h0lr2yc8i508fruat2htvets6th5jy7t2e68o.jpg\" title=\"\" alt=\"Gr\u00e4vmaskin som p\u00e5b\u00f6rjar ett nytt projekt.\" loading=\"lazy\" \/>\t\t\t\t\t\t\t\t\t\t\t\t\t\t\t<\/div>\n\t\t\t\t<\/div>\n\t\t\t\t<div class=\"elementor-element elementor-element-49b6c15 elementor-widget elementor-widget-heading\" data-id=\"49b6c15\" data-element_type=\"widget\" data-e-type=\"widget\" data-widget_type=\"heading.default\">\n\t\t\t\t<div class=\"elementor-widget-container\">\n\t\t\t\t\t<h3 class=\"elementor-heading-title elementor-size-default\">Transformatorer till uppgraderade stationer <\/h3>\t\t\t\t<\/div>\n\t\t\t\t<\/div>\n\t\t\t\t<div class=\"elementor-element elementor-element-ba4a3e0 elementor-widget elementor-widget-text-editor\" data-id=\"ba4a3e0\" data-element_type=\"widget\" data-e-type=\"widget\" data-widget_type=\"text-editor.default\">\n\t\t\t\t<div class=\"elementor-widget-container\">\n\t\t\t\t\t\t\t\t\t<p>Nya transformatorer till stationerna i Klinte, Eskelhem, Martebo, Tofta och B\u00e4cks finansieras delvis med st\u00f6d fr\u00e5n Fonden f\u00f6r r\u00e4ttvis utveckling.<\/p>\t\t\t\t\t\t\t\t<\/div>\n\t\t\t\t<\/div>\n\t\t\t\t\t<\/div>\n\t\t<\/div>\n\t\t\t\t\t<\/div>\n\t\t<\/section>\n\t\t\t\t\t<\/div>\n\t\t<\/div>\n\t\t\t\t<div class=\"elementor-column elementor-col-25 elementor-top-column elementor-element elementor-element-73e18a7\" data-id=\"73e18a7\" data-element_type=\"column\" data-e-type=\"column\">\n\t\t\t<div class=\"elementor-widget-wrap elementor-element-populated\">\n\t\t\t\t\t\t<section class=\"elementor-section elementor-inner-section elementor-element elementor-element-d5321a2 elementor-section-height-min-height elementor-section-boxed elementor-section-height-default\" data-id=\"d5321a2\" data-element_type=\"section\" data-e-type=\"section\" data-settings=\"{&quot;background_background&quot;:&quot;classic&quot;}\">\n\t\t\t\t\t\t\t<div class=\"elementor-background-overlay\"><\/div>\n\t\t\t\t\t\t\t<div class=\"elementor-container elementor-column-gap-default\">\n\t\t\t\t\t<div class=\"elementor-column elementor-col-100 elementor-inner-column elementor-element elementor-element-91dd286\" data-id=\"91dd286\" data-element_type=\"column\" data-e-type=\"column\" data-settings=\"{&quot;background_background&quot;:&quot;classic&quot;}\">\n\t\t\t<div class=\"elementor-widget-wrap elementor-element-populated\">\n\t\t\t\t\t\t<div class=\"elementor-element elementor-element-2f1446d elementor-widget elementor-widget-image\" data-id=\"2f1446d\" data-element_type=\"widget\" data-e-type=\"widget\" data-widget_type=\"image.default\">\n\t\t\t\t<div class=\"elementor-widget-container\">\n\t\t\t\t\t\t\t\t\t\t\t\t\t\t\t<img decoding=\"async\" src=\"https:\/\/geab.se\/elnat\/wp-content\/uploads\/sites\/3\/elementor\/thumbs\/Geabslang1-r141y3rkwse5akbjfleqnsnpz4wlys3boyhty9irko.jpeg\" title=\"\" alt=\"Tv\u00e5 medarbetare som l\u00e4gger ut kabel vid f\u00f6rst\u00e4rkning av eln\u00e4tet i Klintehamn.\" loading=\"lazy\" \/>\t\t\t\t\t\t\t\t\t\t\t\t\t\t\t<\/div>\n\t\t\t\t<\/div>\n\t\t\t\t<div class=\"elementor-element elementor-element-391b710 elementor-widget elementor-widget-heading\" data-id=\"391b710\" data-element_type=\"widget\" data-e-type=\"widget\" data-widget_type=\"heading.default\">\n\t\t\t\t<div class=\"elementor-widget-container\">\n\t\t\t\t\t<h3 class=\"elementor-heading-title elementor-size-default\">B\u00e4cks station och Eskelhem station<\/h3>\t\t\t\t<\/div>\n\t\t\t\t<\/div>\n\t\t\t\t<div class=\"elementor-element elementor-element-5125b08 elementor-widget elementor-widget-text-editor\" data-id=\"5125b08\" data-element_type=\"widget\" data-e-type=\"widget\" data-widget_type=\"text-editor.default\">\n\t\t\t\t<div class=\"elementor-widget-container\">\n\t\t\t\t\t\t\t\t\t<p>Genom finansieringen st\u00f6djer fonden ytterligare tv\u00e5 deletapper inom Kapacitet Gotland: f\u00f6rdelningsstation Eskelhem och f\u00f6rdelningsstation B\u00e4cks.<\/p>\t\t\t\t\t\t\t\t<\/div>\n\t\t\t\t<\/div>\n\t\t\t\t\t<\/div>\n\t\t<\/div>\n\t\t\t\t\t<\/div>\n\t\t<\/section>\n\t\t\t\t\t<\/div>\n\t\t<\/div>\n\t\t\t\t<div class=\"elementor-column elementor-col-25 elementor-top-column elementor-element elementor-element-1c3095d\" data-id=\"1c3095d\" data-element_type=\"column\" data-e-type=\"column\">\n\t\t\t<div class=\"elementor-widget-wrap elementor-element-populated\">\n\t\t\t\t\t\t<section class=\"elementor-section elementor-inner-section elementor-element elementor-element-3631192 elementor-section-height-min-height elementor-section-boxed elementor-section-height-default\" data-id=\"3631192\" data-element_type=\"section\" data-e-type=\"section\" data-settings=\"{&quot;background_background&quot;:&quot;classic&quot;}\">\n\t\t\t\t\t\t\t<div class=\"elementor-background-overlay\"><\/div>\n\t\t\t\t\t\t\t<div class=\"elementor-container elementor-column-gap-default\">\n\t\t\t\t\t<div class=\"elementor-column elementor-col-100 elementor-inner-column elementor-element elementor-element-45def4d\" data-id=\"45def4d\" data-element_type=\"column\" data-e-type=\"column\" data-settings=\"{&quot;background_background&quot;:&quot;classic&quot;}\">\n\t\t\t<div class=\"elementor-widget-wrap elementor-element-populated\">\n\t\t\t\t\t\t<div class=\"elementor-element elementor-element-77c3400 elementor-widget elementor-widget-image\" data-id=\"77c3400\" data-element_type=\"widget\" data-e-type=\"widget\" data-widget_type=\"image.default\">\n\t\t\t\t<div class=\"elementor-widget-container\">\n\t\t\t\t\t\t\t\t\t\t\t\t\t\t\t<img decoding=\"async\" src=\"https:\/\/geab.se\/elnat\/wp-content\/uploads\/sites\/3\/elementor\/thumbs\/Elnat_Gotland_lr-scaled-q58pshvds0h6gzl7ry1w2um0p89b6q7w3prz16iza0.jpg\" title=\"\" alt=\"Grusv\u00e4g som g\u00e5r l\u00e4ngs med en luftledning.\" loading=\"lazy\" \/>\t\t\t\t\t\t\t\t\t\t\t\t\t\t\t<\/div>\n\t\t\t\t<\/div>\n\t\t\t\t<div class=\"elementor-element elementor-element-d6cecdc elementor-widget elementor-widget-heading\" data-id=\"d6cecdc\" data-element_type=\"widget\" data-e-type=\"widget\" data-widget_type=\"heading.default\">\n\t\t\t\t<div class=\"elementor-widget-container\">\n\t\t\t\t\t<h3 class=\"elementor-heading-title elementor-size-default\">Kraftledning Ygne - Klinte - Hemse\n <\/h3>\t\t\t\t<\/div>\n\t\t\t\t<\/div>\n\t\t\t\t<div class=\"elementor-element elementor-element-9edfec7 elementor-widget elementor-widget-text-editor\" data-id=\"9edfec7\" data-element_type=\"widget\" data-e-type=\"widget\" data-widget_type=\"text-editor.default\">\n\t\t\t\t<div class=\"elementor-widget-container\">\n\t\t\t\t\t\t\t\t\t<p>Beredning av den nya luftledningen Hemse\u2013Klinte\u2013Ygne ing\u00e5r i Kapacitet Gotland och finansieras delvis med medel fr\u00e5n fonden.\u00a0<\/p>\t\t\t\t\t\t\t\t<\/div>\n\t\t\t\t<\/div>\n\t\t\t\t\t<\/div>\n\t\t<\/div>\n\t\t\t\t\t<\/div>\n\t\t<\/section>\n\t\t\t\t\t<\/div>\n\t\t<\/div>\n\t\t\t\t<div class=\"elementor-column elementor-col-25 elementor-top-column elementor-element elementor-element-e5b2cf5\" data-id=\"e5b2cf5\" data-element_type=\"column\" data-e-type=\"column\" data-settings=\"{&quot;background_background&quot;:&quot;classic&quot;}\">\n\t\t\t<div class=\"elementor-widget-wrap elementor-element-populated\">\n\t\t\t\t\t\t<section class=\"elementor-section elementor-inner-section elementor-element elementor-element-5ce0164 elementor-section-height-min-height elementor-section-boxed elementor-section-height-default\" data-id=\"5ce0164\" data-element_type=\"section\" data-e-type=\"section\">\n\t\t\t\t\t\t\t<div class=\"elementor-background-overlay\"><\/div>\n\t\t\t\t\t\t\t<div class=\"elementor-container elementor-column-gap-default\">\n\t\t\t\t\t<div class=\"elementor-column elementor-col-100 elementor-inner-column elementor-element elementor-element-1323daf\" data-id=\"1323daf\" data-element_type=\"column\" data-e-type=\"column\" data-settings=\"{&quot;background_background&quot;:&quot;classic&quot;}\">\n\t\t\t<div class=\"elementor-widget-wrap elementor-element-populated\">\n\t\t\t\t\t\t<div class=\"elementor-element elementor-element-0b06a82 elementor-widget elementor-widget-image\" data-id=\"0b06a82\" data-element_type=\"widget\" data-e-type=\"widget\" data-widget_type=\"image.default\">\n\t\t\t\t<div class=\"elementor-widget-container\">\n\t\t\t\t\t\t\t\t\t\t\t\t\t\t\t<img decoding=\"async\" src=\"https:\/\/geab.se\/elnat\/wp-content\/uploads\/sites\/3\/elementor\/thumbs\/Geabslang24-r141y6l3hai09e7fz4mmd9y3raiplveipcgae3el20.jpeg\" title=\"\" alt=\"Medarbetare som s\u00e4kerst\u00e4ller att kablarna har r\u00e4tt avst\u00e5nd vid f\u00f6rst\u00e4rkning av eln\u00e4tet i Klintehamn.\" loading=\"lazy\" \/>\t\t\t\t\t\t\t\t\t\t\t\t\t\t\t<\/div>\n\t\t\t\t<\/div>\n\t\t\t\t<div class=\"elementor-element elementor-element-cb4b9fa elementor-widget elementor-widget-heading\" data-id=\"cb4b9fa\" data-element_type=\"widget\" data-e-type=\"widget\" data-widget_type=\"heading.default\">\n\t\t\t\t<div class=\"elementor-widget-container\">\n\t\t\t\t\t<h3 class=\"elementor-heading-title elementor-size-default\">Sn\u00f6grinde station och kabelanslutningar mot Eskelhem<\/h3>\t\t\t\t<\/div>\n\t\t\t\t<\/div>\n\t\t\t\t<div class=\"elementor-element elementor-element-f983f67 elementor-widget elementor-widget-text-editor\" data-id=\"f983f67\" data-element_type=\"widget\" data-e-type=\"widget\" data-widget_type=\"text-editor.default\">\n\t\t\t\t<div class=\"elementor-widget-container\">\n\t\t\t\t\t\t\t\t\t<p>Den nya stationen i Klinte, kallad Sn\u00f6grinde station, och kabelanslutningar d\u00e4rifr\u00e5n till Eskelhem station finansieras delvis med medel fr\u00e5n fonden.\u00a0<\/p>\t\t\t\t\t\t\t\t<\/div>\n\t\t\t\t<\/div>\n\t\t\t\t\t<\/div>\n\t\t<\/div>\n\t\t\t\t\t<\/div>\n\t\t<\/section>\n\t\t\t\t\t<\/div>\n\t\t<\/div>\n\t\t\t\t\t<\/div>\n\t\t<\/section>\n\t\t\t\t<section class=\"elementor-section elementor-top-section elementor-element elementor-element-bbb1caf elementor-section-boxed elementor-section-height-default elementor-section-height-default\" data-id=\"bbb1caf\" data-element_type=\"section\" data-e-type=\"section\">\n\t\t\t\t\t\t<div class=\"elementor-container elementor-column-gap-default\">\n\t\t\t\t\t<div class=\"elementor-column elementor-col-100 elementor-top-column elementor-element elementor-element-865db4e\" data-id=\"865db4e\" data-element_type=\"column\" data-e-type=\"column\">\n\t\t\t<div class=\"elementor-widget-wrap elementor-element-populated\">\n\t\t\t\t\t\t<section class=\"elementor-section elementor-inner-section elementor-element elementor-element-cc7de9e elementor-section-boxed elementor-section-height-default elementor-section-height-default\" data-id=\"cc7de9e\" data-element_type=\"section\" data-e-type=\"section\">\n\t\t\t\t\t\t\t<div class=\"elementor-background-overlay\"><\/div>\n\t\t\t\t\t\t\t<div class=\"elementor-container elementor-column-gap-default\">\n\t\t\t\t\t<div class=\"elementor-column elementor-col-50 elementor-inner-column elementor-element elementor-element-634d1c5\" data-id=\"634d1c5\" data-element_type=\"column\" data-e-type=\"column\" data-settings=\"{&quot;background_background&quot;:&quot;classic&quot;}\">\n\t\t\t<div class=\"elementor-widget-wrap elementor-element-populated\">\n\t\t\t\t\t\t<div class=\"elementor-element elementor-element-f76ea0b elementor-widget elementor-widget-heading\" data-id=\"f76ea0b\" data-element_type=\"widget\" data-e-type=\"widget\" data-widget_type=\"heading.default\">\n\t\t\t\t<div class=\"elementor-widget-container\">\n\t\t\t\t\t<h3 class=\"elementor-heading-title elementor-size-default\">Europeiska regionala utvecklingsfonden \u2013 st\u00f6d f\u00f6r regional tillv\u00e4xt och h\u00e5llbar utveckling<br><\/h3>\t\t\t\t<\/div>\n\t\t\t\t<\/div>\n\t\t\t\t<div class=\"elementor-element elementor-element-480937b elementor-widget elementor-widget-text-editor\" data-id=\"480937b\" data-element_type=\"widget\" data-e-type=\"widget\" data-widget_type=\"text-editor.default\">\n\t\t\t\t<div class=\"elementor-widget-container\">\n\t\t\t\t\t\t\t\t\t<p>Europeiska regionala utvecklingsfonden finns i syfte att att st\u00e4rka ekonomisk och social sammanh\u00e5llning inom EU genom att minska de regionala skillnaderna. Fonden investerar i tillv\u00e4xt och syssels\u00e4ttning f\u00f6r att st\u00e4rka den regionala utvecklingen. Med hj\u00e4lp av den kan akt\u00f6rer driva projekt f\u00f6r milj\u00f6, klimat, f\u00f6retagande, kompetens, spjutspetsforskning eller tillg\u00e5ng till bredband. Projekten kan vara mycket olika men m\u00e5let \u00e4r detsamma &#8211; h\u00e5llbar utveckling och syssels\u00e4ttning i alla Europas regioner.<\/p>\t\t\t\t\t\t\t\t<\/div>\n\t\t\t\t<\/div>\n\t\t\t\t\t<\/div>\n\t\t<\/div>\n\t\t\t\t<div class=\"elementor-column elementor-col-50 elementor-inner-column elementor-element elementor-element-4a7c87e\" data-id=\"4a7c87e\" data-element_type=\"column\" data-e-type=\"column\" data-settings=\"{&quot;background_background&quot;:&quot;classic&quot;}\">\n\t\t\t<div class=\"elementor-widget-wrap elementor-element-populated\">\n\t\t\t\t\t\t<div class=\"elementor-element elementor-element-9fc1f13 elementor-widget elementor-widget-image\" data-id=\"9fc1f13\" data-element_type=\"widget\" data-e-type=\"widget\" data-widget_type=\"image.default\">\n\t\t\t\t<div class=\"elementor-widget-container\">\n\t\t\t\t\t\t\t\t\t\t\t\t\t\t\t<img decoding=\"async\" src=\"https:\/\/geab.se\/elnat\/wp-content\/uploads\/sites\/3\/elementor\/thumbs\/Bild_Geab_rund4-1-qu1ksuz4kpbtb8zaclgvqhlq8l2r9fdhnqda2qxnrc.png\" title=\"\" alt=\"Svarta roddb\u00e5tar och svarta stugor p\u00e5 en stenstrand.\" loading=\"lazy\" \/>\t\t\t\t\t\t\t\t\t\t\t\t\t\t\t<\/div>\n\t\t\t\t<\/div>\n\t\t\t\t\t<\/div>\n\t\t<\/div>\n\t\t\t\t\t<\/div>\n\t\t<\/section>\n\t\t\t\t\t<\/div>\n\t\t<\/div>\n\t\t\t\t\t<\/div>\n\t\t<\/section>\n\t\t\t\t<section class=\"elementor-section elementor-top-section elementor-element elementor-element-f80315d elementor-section-boxed elementor-section-height-default elementor-section-height-default\" data-id=\"f80315d\" data-element_type=\"section\" data-e-type=\"section\">\n\t\t\t\t\t\t<div class=\"elementor-container elementor-column-gap-default\">\n\t\t\t\t\t<div class=\"elementor-column elementor-col-100 elementor-top-column elementor-element elementor-element-561b4a5\" data-id=\"561b4a5\" data-element_type=\"column\" data-e-type=\"column\">\n\t\t\t<div class=\"elementor-widget-wrap elementor-element-populated\">\n\t\t\t\t\t\t<section class=\"elementor-section elementor-inner-section elementor-element elementor-element-49c949c elementor-section-boxed elementor-section-height-default elementor-section-height-default\" data-id=\"49c949c\" data-element_type=\"section\" data-e-type=\"section\">\n\t\t\t\t\t\t\t<div class=\"elementor-background-overlay\"><\/div>\n\t\t\t\t\t\t\t<div class=\"elementor-container elementor-column-gap-default\">\n\t\t\t\t\t<div class=\"elementor-column elementor-col-50 elementor-inner-column elementor-element elementor-element-b6cfe55\" data-id=\"b6cfe55\" data-element_type=\"column\" data-e-type=\"column\">\n\t\t\t<div class=\"elementor-widget-wrap elementor-element-populated\">\n\t\t\t\t\t\t<div class=\"elementor-element elementor-element-6df14b2 elementor-widget elementor-widget-image\" data-id=\"6df14b2\" data-element_type=\"widget\" data-e-type=\"widget\" data-widget_type=\"image.default\">\n\t\t\t\t<div class=\"elementor-widget-container\">\n\t\t\t\t\t\t\t\t\t\t\t\t\t\t\t<img decoding=\"async\" src=\"https:\/\/geab.se\/elnat\/wp-content\/uploads\/sites\/3\/elementor\/thumbs\/Startsida_hallbar_energi-scaled-pgvin8z53pjd7ui270amman59db6z2velqzjci2554.jpg\" title=\"\" alt=\"flera vindkraftverk bland sm\u00e5 buskar.\" loading=\"lazy\" \/>\t\t\t\t\t\t\t\t\t\t\t\t\t\t\t<\/div>\n\t\t\t\t<\/div>\n\t\t\t\t\t<\/div>\n\t\t<\/div>\n\t\t\t\t<div class=\"elementor-column elementor-col-50 elementor-inner-column elementor-element elementor-element-7d24a74\" data-id=\"7d24a74\" data-element_type=\"column\" data-e-type=\"column\">\n\t\t\t<div class=\"elementor-widget-wrap elementor-element-populated\">\n\t\t\t\t\t\t<div class=\"elementor-element elementor-element-b295cb4 elementor-widget elementor-widget-heading\" data-id=\"b295cb4\" data-element_type=\"widget\" data-e-type=\"widget\" data-widget_type=\"heading.default\">\n\t\t\t\t<div class=\"elementor-widget-container\">\n\t\t\t\t\t<h3 class=\"elementor-heading-title elementor-size-default\">Uppgradering av  anl\u00e4ggningen HVDC-light<\/h3>\t\t\t\t<\/div>\n\t\t\t\t<\/div>\n\t\t\t\t<div class=\"elementor-element elementor-element-e4bec65 elementor-widget elementor-widget-text-editor\" data-id=\"e4bec65\" data-element_type=\"widget\" data-e-type=\"widget\" data-widget_type=\"text-editor.default\">\n\t\t\t\t<div class=\"elementor-widget-container\">\n\t\t\t\t\t\t\t\t\t<p>2022 tilldelades Gotlands Eln\u00e4t 47,4 miljoner i st\u00f6d f\u00f6r HVDC Light-projektet.<\/p><p>St\u00f6det gick till att uppgradera kontrollutrustningen f\u00f6r kabelf\u00f6rbindelsen mellan norra Visby och N\u00e4sudden. Anl\u00e4ggningen \u00e4r viktig f\u00f6r de kommande 10\u201315 \u00e5ren n\u00e4r andra centrala delar av eln\u00e4tet f\u00f6rnyas.<\/p>\t\t\t\t\t\t\t\t<\/div>\n\t\t\t\t<\/div>\n\t\t\t\t\t<\/div>\n\t\t<\/div>\n\t\t\t\t\t<\/div>\n\t\t<\/section>\n\t\t\t\t\t<\/div>\n\t\t<\/div>\n\t\t\t\t\t<\/div>\n\t\t<\/section>\n\t\t\t\t<section class=\"elementor-section elementor-top-section elementor-element elementor-element-a6f4441 elementor-section-boxed elementor-section-height-default elementor-section-height-default\" data-id=\"a6f4441\" data-element_type=\"section\" data-e-type=\"section\">\n\t\t\t\t\t\t<div class=\"elementor-container elementor-column-gap-default\">\n\t\t\t\t\t<div class=\"elementor-column elementor-col-100 elementor-top-column elementor-element elementor-element-f6b71c3\" data-id=\"f6b71c3\" data-element_type=\"column\" data-e-type=\"column\">\n\t\t\t<div class=\"elementor-widget-wrap elementor-element-populated\">\n\t\t\t\t\t\t<section class=\"elementor-section elementor-inner-section elementor-element elementor-element-e77b876 elementor-section-boxed elementor-section-height-default elementor-section-height-default\" data-id=\"e77b876\" data-element_type=\"section\" data-e-type=\"section\">\n\t\t\t\t\t\t\t<div class=\"elementor-background-overlay\"><\/div>\n\t\t\t\t\t\t\t<div class=\"elementor-container elementor-column-gap-default\">\n\t\t\t\t\t<div class=\"elementor-column elementor-col-50 elementor-inner-column elementor-element elementor-element-6b751ef\" data-id=\"6b751ef\" data-element_type=\"column\" data-e-type=\"column\">\n\t\t\t<div class=\"elementor-widget-wrap elementor-element-populated\">\n\t\t\t\t\t\t<div class=\"elementor-element elementor-element-646027d elementor-widget elementor-widget-heading\" data-id=\"646027d\" data-element_type=\"widget\" data-e-type=\"widget\" data-widget_type=\"heading.default\">\n\t\t\t\t<div class=\"elementor-widget-container\">\n\t\t\t\t\t<h3 class=\"elementor-heading-title elementor-size-default\">Ny prismodell provas f\u00f6r smartare elanv\u00e4ndning<\/h3>\t\t\t\t<\/div>\n\t\t\t\t<\/div>\n\t\t\t\t<div class=\"elementor-element elementor-element-7edf22e elementor-widget elementor-widget-text-editor\" data-id=\"7edf22e\" data-element_type=\"widget\" data-e-type=\"widget\" data-widget_type=\"text-editor.default\">\n\t\t\t\t<div class=\"elementor-widget-container\">\n\t\t\t\t\t\t\t\t\t<p>I ett samarbetsprojekt utvecklar Gotlands Eln\u00e4t och Energicentrum en ny prismodell som kan m\u00f6ta samh\u00e4llets v\u00e4xande behov av el och anpassa anv\u00e4ndningen av eln\u00e4tet.<\/p><p>2022 tilldelades Gotlands Eln\u00e4t och Energicentrum cirka 2,9 miljoner kronor genom ERUF, Europeiska regionala utvecklingsfonden.<\/p><p><a href=\"https:\/\/geab.se\/elnat\/ny-prismodell-provas-for-smartare-elanvandning\/\">\u2192 L\u00e4s mer om tariffprojekt Gotland<\/a><\/p>\t\t\t\t\t\t\t\t<\/div>\n\t\t\t\t<\/div>\n\t\t\t\t\t<\/div>\n\t\t<\/div>\n\t\t\t\t<div class=\"elementor-column elementor-col-50 elementor-inner-column elementor-element elementor-element-639454f\" data-id=\"639454f\" data-element_type=\"column\" data-e-type=\"column\">\n\t\t\t<div class=\"elementor-widget-wrap elementor-element-populated\">\n\t\t\t\t\t\t<div class=\"elementor-element elementor-element-fd1319c elementor-widget elementor-widget-image\" data-id=\"fd1319c\" data-element_type=\"widget\" data-e-type=\"widget\" data-widget_type=\"image.default\">\n\t\t\t\t<div class=\"elementor-widget-container\">\n\t\t\t\t\t\t\t\t\t\t\t\t\t\t\t<img decoding=\"async\" src=\"https:\/\/geab.se\/elnat\/wp-content\/uploads\/sites\/3\/elementor\/thumbs\/Matarbyte_aug23-15-scaled-qbocb3zuezapq7qg2nyfsaupdagm3xmqovtr96nvd4.jpg\" title=\"\" alt=\"Medarbetare som visar upp den nya m\u00e4taren.\" loading=\"lazy\" \/>\t\t\t\t\t\t\t\t\t\t\t\t\t\t\t<\/div>\n\t\t\t\t<\/div>\n\t\t\t\t\t<\/div>\n\t\t<\/div>\n\t\t\t\t\t<\/div>\n\t\t<\/section>\n\t\t\t\t\t<\/div>\n\t\t<\/div>\n\t\t\t\t\t<\/div>\n\t\t<\/section>\n\t\t<div class=\"elementor-element elementor-element-fcffb21 e-flex e-con-boxed e-con e-parent\" data-id=\"fcffb21\" data-element_type=\"container\" data-e-type=\"container\">\n\t\t\t\t\t<div class=\"e-con-inner\">\n\t\t\t\t<div class=\"elementor-element elementor-element-c95bea8 elementor-widget elementor-widget-image\" data-id=\"c95bea8\" data-element_type=\"widget\" data-e-type=\"widget\" data-widget_type=\"image.default\">\n\t\t\t\t<div class=\"elementor-widget-container\">\n\t\t\t\t\t\t\t\t\t\t\t\t\t\t\t<img decoding=\"async\" src=\"https:\/\/geab.se\/elnat\/wp-content\/uploads\/sites\/3\/2025\/11\/SV_Co-fundedbytheEU_RGB_NEG-scaled.png\" title=\"\" alt=\"\" loading=\"lazy\" \/>\t\t\t\t\t\t\t\t\t\t\t\t\t\t\t<\/div>\n\t\t\t\t<\/div>\n\t\t\t\t\t<\/div>\n\t\t\t\t<\/div>\n\t\t\t\t<\/div>\n\t\t","protected":false},"excerpt":{"rendered":"<p>EU-projekt Fonden f\u00f6r en r\u00e4ttvis omst\u00e4llning (FRO) riktar sig till regioner och industrier med h\u00f6ga koldioxidutsl\u00e4pp och ska st\u00f6dja klimatomst\u00e4llningen utan att konkurrenskraften f\u00f6rs\u00e4mras. Medlen kan anv\u00e4ndas till klimatsmart teknik, kompetensutveckling, forskning och st\u00e4rkta eln\u00e4t. Programmet omfattar cirka 2,9 miljarder kronor f\u00f6r insatser i Norrbotten, V\u00e4sterbotten och Gotland. Projekt som delvis finansieras fr\u00e5n fonden f\u00f6r [&hellip;]<\/p>\n","protected":false},"author":5,"featured_media":0,"parent":11539,"menu_order":0,"comment_status":"closed","ping_status":"closed","template":"elementor_header_footer","meta":{"_seopress_robots_primary_cat":"","_seopress_titles_title":"EU-projekt | Gotlands Eln\u00e4t","_seopress_titles_desc":"","_seopress_robots_index":"","footnotes":""},"class_list":["post-23094","page","type-page","status-publish","hentry"],"_links":{"self":[{"href":"https:\/\/geab.se\/elnat\/wp-json\/wp\/v2\/pages\/23094","targetHints":{"allow":["GET"]}}],"collection":[{"href":"https:\/\/geab.se\/elnat\/wp-json\/wp\/v2\/pages"}],"about":[{"href":"https:\/\/geab.se\/elnat\/wp-json\/wp\/v2\/types\/page"}],"author":[{"embeddable":true,"href":"https:\/\/geab.se\/elnat\/wp-json\/wp\/v2\/users\/5"}],"replies":[{"embeddable":true,"href":"https:\/\/geab.se\/elnat\/wp-json\/wp\/v2\/comments?post=23094"}],"version-history":[{"count":203,"href":"https:\/\/geab.se\/elnat\/wp-json\/wp\/v2\/pages\/23094\/revisions"}],"predecessor-version":[{"id":106064,"href":"https:\/\/geab.se\/elnat\/wp-json\/wp\/v2\/pages\/23094\/revisions\/106064"}],"up":[{"embeddable":true,"href":"https:\/\/geab.se\/elnat\/wp-json\/wp\/v2\/pages\/11539"}],"wp:attachment":[{"href":"https:\/\/geab.se\/elnat\/wp-json\/wp\/v2\/media?parent=23094"}],"curies":[{"name":"wp","href":"https:\/\/api.w.org\/{rel}","templated":true}]}}