{"id":12233,"date":"2021-04-20T09:58:29","date_gmt":"2021-04-20T07:58:29","guid":{"rendered":"https:\/\/geab.se\/elnat\/?page_id=12233"},"modified":"2026-04-13T14:50:53","modified_gmt":"2026-04-13T12:50:53","slug":"kapacitet-gotland","status":"publish","type":"page","link":"https:\/\/geab.se\/elnat\/projekt\/kapacitet-gotland\/","title":{"rendered":"Kapacitet Gotland"},"content":{"rendered":"\t\t<div data-elementor-type=\"wp-page\" data-elementor-id=\"12233\" class=\"elementor elementor-12233\" data-elementor-post-type=\"page\">\n\t\t\t\t\t\t<section class=\"elementor-section elementor-top-section elementor-element elementor-element-d44dfd8 elementor-section-boxed elementor-section-height-default elementor-section-height-default\" data-id=\"d44dfd8\" data-element_type=\"section\" data-e-type=\"section\">\n\t\t\t\t\t\t<div class=\"elementor-container elementor-column-gap-default\">\n\t\t\t\t\t<div class=\"elementor-column elementor-col-100 elementor-top-column elementor-element elementor-element-8b20cfa\" data-id=\"8b20cfa\" data-element_type=\"column\" data-e-type=\"column\">\n\t\t\t<div class=\"elementor-widget-wrap elementor-element-populated\">\n\t\t\t\t\t\t<div class=\"elementor-element elementor-element-a7716bf elementor-nav-menu__align-center elementor-hidden-mobile elementor-nav-menu--dropdown-mobile elementor-nav-menu--stretch elementor-hidden-tablet elementor-nav-menu__text-align-aside elementor-widget elementor-widget-nav-menu\" data-id=\"a7716bf\" data-element_type=\"widget\" data-e-type=\"widget\" data-settings=\"{&quot;full_width&quot;:&quot;stretch&quot;,&quot;layout&quot;:&quot;horizontal&quot;,&quot;submenu_icon&quot;:{&quot;value&quot;:&quot;&lt;i class=\\&quot;fas fa-caret-down\\&quot; aria-hidden=\\&quot;true\\&quot;&gt;&lt;\\\/i&gt;&quot;,&quot;library&quot;:&quot;fa-solid&quot;}}\" data-widget_type=\"nav-menu.default\">\n\t\t\t\t<div class=\"elementor-widget-container\">\n\t\t\t\t\t\t\t\t<nav aria-label=\"Meny\" class=\"elementor-nav-menu--main elementor-nav-menu__container elementor-nav-menu--layout-horizontal e--pointer-none\">\n\t\t\t\t<ul id=\"menu-1-a7716bf\" class=\"elementor-nav-menu\"><li class=\"menu-item menu-item-type-post_type menu-item-object-page menu-item-12527\"><a href=\"https:\/\/geab.se\/elnat\/projekt\/kapacitet-gotland\/\" class=\"elementor-item\">Kapacitet Gotland<\/a><\/li>\n<li class=\"menu-item menu-item-type-post_type menu-item-object-page menu-item-95973\"><a href=\"https:\/\/geab.se\/elnat\/satsningar\/\" class=\"elementor-item\">V\u00e5ra satsningar<\/a><\/li>\n<li class=\"menu-item menu-item-type-post_type menu-item-object-page menu-item-17187\"><a href=\"https:\/\/geab.se\/elnat\/underhallsrojning\/\" class=\"elementor-item\">Underh\u00e5llsr\u00f6jning<\/a><\/li>\n<li class=\"menu-item menu-item-type-post_type menu-item-object-page menu-item-106133\"><a href=\"https:\/\/geab.se\/elnat\/kabelskap-utstallning\/\" class=\"elementor-item\">Kabelsk\u00e5p utst\u00e4llning<\/a><\/li>\n<li class=\"menu-item menu-item-type-post_type menu-item-object-page menu-item-23158\"><a href=\"https:\/\/geab.se\/elnat\/projekt\/eu-projekt\/\" class=\"elementor-item\">EU-projekt<\/a><\/li>\n<li class=\"menu-item menu-item-type-post_type menu-item-object-page menu-item-13177\"><a href=\"https:\/\/geab.se\/elnat\/projekt\/smart-elnatsovervakning\/\" class=\"elementor-item\">Smart eln\u00e4ts\u00f6vervakning<\/a><\/li>\n<\/ul>\t\t\t<\/nav>\n\t\t\t\t\t\t<nav class=\"elementor-nav-menu--dropdown elementor-nav-menu__container\" aria-hidden=\"true\">\n\t\t\t\t<ul id=\"menu-2-a7716bf\" class=\"elementor-nav-menu\"><li class=\"menu-item menu-item-type-post_type menu-item-object-page menu-item-12527\"><a href=\"https:\/\/geab.se\/elnat\/projekt\/kapacitet-gotland\/\" class=\"elementor-item\" tabindex=\"-1\">Kapacitet Gotland<\/a><\/li>\n<li class=\"menu-item menu-item-type-post_type menu-item-object-page menu-item-95973\"><a href=\"https:\/\/geab.se\/elnat\/satsningar\/\" class=\"elementor-item\" tabindex=\"-1\">V\u00e5ra satsningar<\/a><\/li>\n<li class=\"menu-item menu-item-type-post_type menu-item-object-page menu-item-17187\"><a href=\"https:\/\/geab.se\/elnat\/underhallsrojning\/\" class=\"elementor-item\" tabindex=\"-1\">Underh\u00e5llsr\u00f6jning<\/a><\/li>\n<li class=\"menu-item menu-item-type-post_type menu-item-object-page menu-item-106133\"><a href=\"https:\/\/geab.se\/elnat\/kabelskap-utstallning\/\" class=\"elementor-item\" tabindex=\"-1\">Kabelsk\u00e5p utst\u00e4llning<\/a><\/li>\n<li class=\"menu-item menu-item-type-post_type menu-item-object-page menu-item-23158\"><a href=\"https:\/\/geab.se\/elnat\/projekt\/eu-projekt\/\" class=\"elementor-item\" tabindex=\"-1\">EU-projekt<\/a><\/li>\n<li class=\"menu-item menu-item-type-post_type menu-item-object-page menu-item-13177\"><a href=\"https:\/\/geab.se\/elnat\/projekt\/smart-elnatsovervakning\/\" class=\"elementor-item\" tabindex=\"-1\">Smart eln\u00e4ts\u00f6vervakning<\/a><\/li>\n<\/ul>\t\t\t<\/nav>\n\t\t\t\t\t\t<\/div>\n\t\t\t\t<\/div>\n\t\t\t\t\t<\/div>\n\t\t<\/div>\n\t\t\t\t\t<\/div>\n\t\t<\/section>\n\t\t<div class=\"elementor-element elementor-element-9d2f1c7 e-flex e-con-boxed e-con e-parent\" data-id=\"9d2f1c7\" data-element_type=\"container\" data-e-type=\"container\">\n\t\t\t\t\t<div class=\"e-con-inner\">\n\t\t\t\t<div class=\"elementor-element elementor-element-ff51a8b elementor-nav-menu__align-center elementor-nav-menu--stretch elementor-nav-menu--dropdown-tablet elementor-nav-menu__text-align-aside elementor-nav-menu--toggle elementor-nav-menu--burger elementor-widget elementor-widget-nav-menu\" data-id=\"ff51a8b\" data-element_type=\"widget\" data-e-type=\"widget\" data-settings=\"{&quot;full_width&quot;:&quot;stretch&quot;,&quot;submenu_icon&quot;:{&quot;value&quot;:&quot;&lt;i class=\\&quot;\\&quot; aria-hidden=\\&quot;true\\&quot;&gt;&lt;\\\/i&gt;&quot;,&quot;library&quot;:&quot;&quot;},&quot;layout&quot;:&quot;horizontal&quot;,&quot;toggle&quot;:&quot;burger&quot;}\" data-widget_type=\"nav-menu.default\">\n\t\t\t\t<div class=\"elementor-widget-container\">\n\t\t\t\t\t\t\t\t<nav aria-label=\"Meny\" class=\"elementor-nav-menu--main elementor-nav-menu__container elementor-nav-menu--layout-horizontal e--pointer-none\">\n\t\t\t\t<ul id=\"menu-1-ff51a8b\" class=\"elementor-nav-menu\"><li class=\"menu-item menu-item-type-custom menu-item-object-custom menu-item-28893\"><a href=\"https:\/\/geab.se\/elnat\/projekt\/kapacitet-gotland\/\" class=\"elementor-item\">Kapacitet Gotland<\/a><\/li>\n<li class=\"menu-item menu-item-type-post_type menu-item-object-page menu-item-28847\"><a href=\"https:\/\/geab.se\/elnat\/kg-bakgrund\/\" class=\"elementor-item\">Bakgrund Kapacitet Gotland<\/a><\/li>\n<li class=\"menu-item menu-item-type-post_type menu-item-object-page menu-item-28848\"><a href=\"https:\/\/geab.se\/elnat\/projekt\/kapacitet-gotland\/hemsenas\/\" class=\"elementor-item\">Hemse \u2013 N\u00e4s<\/a><\/li>\n<li class=\"menu-item menu-item-type-post_type menu-item-object-page menu-item-28844\"><a href=\"https:\/\/geab.se\/elnat\/projekt\/kapacitet-gotland\/ygnehemse\/\" class=\"elementor-item\">Ygne \u2013 Hemse<\/a><\/li>\n<li class=\"menu-item menu-item-type-post_type menu-item-object-page menu-item-28846\"><a href=\"https:\/\/geab.se\/elnat\/projekt\/kapacitet-gotland\/stenkumlaslite\/\" class=\"elementor-item\">Stenkumla \u2013 Slite<\/a><\/li>\n<li class=\"menu-item menu-item-type-post_type menu-item-object-page menu-item-28845\"><a href=\"https:\/\/geab.se\/elnat\/projekt\/kapacitet-gotland\/stenkumla\/\" class=\"elementor-item\">Stenkumla \u2013 V\u00e4sterhejde<\/a><\/li>\n<li class=\"menu-item menu-item-type-post_type menu-item-object-page menu-item-103316\"><a href=\"https:\/\/geab.se\/elnat\/projekt\/kapacitet-gotland\/stenkumla-bal\/\" class=\"elementor-item\">Stenkumla \u2013 Roma \u2013 B\u00e4l<\/a><\/li>\n<li class=\"menu-item menu-item-type-post_type menu-item-object-page menu-item-28849\"><a href=\"https:\/\/geab.se\/elnat\/projekt\/kapacitet-gotland\/stationsprojekt\/\" class=\"elementor-item\">Stationsprojekt<\/a><\/li>\n<\/ul>\t\t\t<\/nav>\n\t\t\t\t\t<div class=\"elementor-menu-toggle\" role=\"button\" tabindex=\"0\" aria-label=\"Sl\u00e5 p\u00e5\/av meny\" aria-expanded=\"false\">\n\t\t\t<i aria-hidden=\"true\" role=\"presentation\" class=\"elementor-menu-toggle__icon--open eicon-menu-bar\"><\/i><i aria-hidden=\"true\" role=\"presentation\" class=\"elementor-menu-toggle__icon--close eicon-close\"><\/i>\t\t<\/div>\n\t\t\t\t\t<nav class=\"elementor-nav-menu--dropdown elementor-nav-menu__container\" aria-hidden=\"true\">\n\t\t\t\t<ul id=\"menu-2-ff51a8b\" class=\"elementor-nav-menu\"><li class=\"menu-item menu-item-type-custom menu-item-object-custom menu-item-28893\"><a href=\"https:\/\/geab.se\/elnat\/projekt\/kapacitet-gotland\/\" class=\"elementor-item\" tabindex=\"-1\">Kapacitet Gotland<\/a><\/li>\n<li class=\"menu-item menu-item-type-post_type menu-item-object-page menu-item-28847\"><a href=\"https:\/\/geab.se\/elnat\/kg-bakgrund\/\" class=\"elementor-item\" tabindex=\"-1\">Bakgrund Kapacitet Gotland<\/a><\/li>\n<li class=\"menu-item menu-item-type-post_type menu-item-object-page menu-item-28848\"><a href=\"https:\/\/geab.se\/elnat\/projekt\/kapacitet-gotland\/hemsenas\/\" class=\"elementor-item\" tabindex=\"-1\">Hemse \u2013 N\u00e4s<\/a><\/li>\n<li class=\"menu-item menu-item-type-post_type menu-item-object-page menu-item-28844\"><a href=\"https:\/\/geab.se\/elnat\/projekt\/kapacitet-gotland\/ygnehemse\/\" class=\"elementor-item\" tabindex=\"-1\">Ygne \u2013 Hemse<\/a><\/li>\n<li class=\"menu-item menu-item-type-post_type menu-item-object-page menu-item-28846\"><a href=\"https:\/\/geab.se\/elnat\/projekt\/kapacitet-gotland\/stenkumlaslite\/\" class=\"elementor-item\" tabindex=\"-1\">Stenkumla \u2013 Slite<\/a><\/li>\n<li class=\"menu-item menu-item-type-post_type menu-item-object-page menu-item-28845\"><a href=\"https:\/\/geab.se\/elnat\/projekt\/kapacitet-gotland\/stenkumla\/\" class=\"elementor-item\" tabindex=\"-1\">Stenkumla \u2013 V\u00e4sterhejde<\/a><\/li>\n<li class=\"menu-item menu-item-type-post_type menu-item-object-page menu-item-103316\"><a href=\"https:\/\/geab.se\/elnat\/projekt\/kapacitet-gotland\/stenkumla-bal\/\" class=\"elementor-item\" tabindex=\"-1\">Stenkumla \u2013 Roma \u2013 B\u00e4l<\/a><\/li>\n<li class=\"menu-item menu-item-type-post_type menu-item-object-page menu-item-28849\"><a href=\"https:\/\/geab.se\/elnat\/projekt\/kapacitet-gotland\/stationsprojekt\/\" class=\"elementor-item\" tabindex=\"-1\">Stationsprojekt<\/a><\/li>\n<\/ul>\t\t\t<\/nav>\n\t\t\t\t\t\t<\/div>\n\t\t\t\t<\/div>\n\t\t\t\t\t<\/div>\n\t\t\t\t<\/div>\n\t\t\t\t<section class=\"elementor-section elementor-top-section elementor-element elementor-element-2d5e08aa elementor-section-full_width elementor-section-height-min-height elementor-section-items-stretch elementor-section-content-middle elementor-section-height-default\" data-id=\"2d5e08aa\" data-element_type=\"section\" data-e-type=\"section\" data-settings=\"{&quot;background_background&quot;:&quot;classic&quot;}\">\n\t\t\t\t\t\t\t<div class=\"elementor-background-overlay\"><\/div>\n\t\t\t\t\t\t\t<div class=\"elementor-container elementor-column-gap-no\">\n\t\t\t\t\t<div class=\"elementor-column elementor-col-100 elementor-top-column elementor-element elementor-element-6361f681\" data-id=\"6361f681\" data-element_type=\"column\" data-e-type=\"column\">\n\t\t\t<div class=\"elementor-widget-wrap elementor-element-populated\">\n\t\t\t\t\t\t<section class=\"elementor-section elementor-inner-section elementor-element elementor-element-26cdb46e elementor-section-content-middle elementor-section-boxed elementor-section-height-default elementor-section-height-default\" data-id=\"26cdb46e\" data-element_type=\"section\" data-e-type=\"section\">\n\t\t\t\t\t\t<div class=\"elementor-container elementor-column-gap-wide\">\n\t\t\t\t\t<div class=\"elementor-column elementor-col-100 elementor-inner-column elementor-element elementor-element-4f855c04\" data-id=\"4f855c04\" data-element_type=\"column\" data-e-type=\"column\">\n\t\t\t<div class=\"elementor-widget-wrap elementor-element-populated\">\n\t\t\t\t\t\t<div class=\"elementor-element elementor-element-20e0c09b elementor-widget elementor-widget-heading\" data-id=\"20e0c09b\" data-element_type=\"widget\" data-e-type=\"widget\" data-widget_type=\"heading.default\">\n\t\t\t\t<div class=\"elementor-widget-container\">\n\t\t\t\t\t<h1 class=\"elementor-heading-title elementor-size-default\">Kapacitet Gotland<\/h1>\t\t\t\t<\/div>\n\t\t\t\t<\/div>\n\t\t\t\t<div class=\"elementor-element elementor-element-3aa92138 elementor-widget elementor-widget-heading\" data-id=\"3aa92138\" data-element_type=\"widget\" data-e-type=\"widget\" data-widget_type=\"heading.default\">\n\t\t\t\t<div class=\"elementor-widget-container\">\n\t\t\t\t\t<h3 class=\"elementor-heading-title elementor-size-default\">Vi bygger framtidens eln\u00e4t<\/h3>\t\t\t\t<\/div>\n\t\t\t\t<\/div>\n\t\t\t\t\t<\/div>\n\t\t<\/div>\n\t\t\t\t\t<\/div>\n\t\t<\/section>\n\t\t\t\t\t<\/div>\n\t\t<\/div>\n\t\t\t\t\t<\/div>\n\t\t<\/section>\n\t\t\t\t<section class=\"elementor-section elementor-top-section elementor-element elementor-element-663663f6 elementor-section-boxed elementor-section-height-default elementor-section-height-default\" data-id=\"663663f6\" data-element_type=\"section\" data-e-type=\"section\">\n\t\t\t\t\t\t<div class=\"elementor-container elementor-column-gap-wider\">\n\t\t\t\t\t<div class=\"elementor-column elementor-col-100 elementor-top-column elementor-element elementor-element-7a26677c\" data-id=\"7a26677c\" data-element_type=\"column\" data-e-type=\"column\">\n\t\t\t<div class=\"elementor-widget-wrap elementor-element-populated\">\n\t\t\t\t\t\t<div class=\"elementor-element elementor-element-4f13ac1d elementor-widget elementor-widget-text-editor\" data-id=\"4f13ac1d\" data-element_type=\"widget\" data-e-type=\"widget\" data-widget_type=\"text-editor.default\">\n\t\t\t\t<div class=\"elementor-widget-container\">\n\t\t\t\t\t\t\t\t\t<p>F\u00f6r att m\u00f6ta framtidens \u00f6kade elbehov planerar Gotlands Eln\u00e4t att g\u00f6ra en utbyggnad och modernisering av eln\u00e4tet p\u00e5 Gotland. I projektet Kapacitet Gotland investerar vi stora summor f\u00f6r att f\u00f6rnya och kapacitetsh\u00f6ja hela det centrala eln\u00e4tet.<\/p>\t\t\t\t\t\t\t\t<\/div>\n\t\t\t\t<\/div>\n\t\t\t\t\t<\/div>\n\t\t<\/div>\n\t\t\t\t\t<\/div>\n\t\t<\/section>\n\t\t\t\t<section class=\"elementor-section elementor-top-section elementor-element elementor-element-64f50e21 elementor-section-height-min-height elementor-section-items-stretch elementor-reverse-mobile elementor-section-boxed elementor-section-height-default\" data-id=\"64f50e21\" data-element_type=\"section\" data-e-type=\"section\" data-settings=\"{&quot;background_background&quot;:&quot;classic&quot;}\">\n\t\t\t\t\t\t<div class=\"elementor-container elementor-column-gap-no\">\n\t\t\t\t\t<div class=\"elementor-column elementor-col-50 elementor-top-column elementor-element elementor-element-efd081e\" data-id=\"efd081e\" data-element_type=\"column\" data-e-type=\"column\" data-settings=\"{&quot;background_background&quot;:&quot;classic&quot;}\">\n\t\t\t<div class=\"elementor-widget-wrap elementor-element-populated\">\n\t\t\t\t\t\t<section class=\"elementor-section elementor-inner-section elementor-element elementor-element-16ccc8 elementor-section-content-middle elementor-section-boxed elementor-section-height-default elementor-section-height-default\" data-id=\"16ccc8\" data-element_type=\"section\" data-e-type=\"section\">\n\t\t\t\t\t\t<div class=\"elementor-container elementor-column-gap-no\">\n\t\t\t\t\t<div class=\"elementor-column elementor-col-100 elementor-inner-column elementor-element elementor-element-1af3bfe8\" data-id=\"1af3bfe8\" data-element_type=\"column\" data-e-type=\"column\">\n\t\t\t<div class=\"elementor-widget-wrap elementor-element-populated\">\n\t\t\t\t\t\t<div class=\"elementor-element elementor-element-1c6db990 elementor-widget elementor-widget-heading\" data-id=\"1c6db990\" data-element_type=\"widget\" data-e-type=\"widget\" data-widget_type=\"heading.default\">\n\t\t\t\t<div class=\"elementor-widget-container\">\n\t\t\t\t\t<h2 class=\"elementor-heading-title elementor-size-default\">Om Kapacitet Gotland<\/h2>\t\t\t\t<\/div>\n\t\t\t\t<\/div>\n\t\t\t\t<div class=\"elementor-element elementor-element-19b3be1a elementor-widget__width-initial elementor-widget elementor-widget-text-editor\" data-id=\"19b3be1a\" data-element_type=\"widget\" data-e-type=\"widget\" data-widget_type=\"text-editor.default\">\n\t\t\t\t<div class=\"elementor-widget-container\">\n\t\t\t\t\t\t\t\t\t<p>Den \u00f6kade efterfr\u00e5gan p\u00e5 el, i och med utfasningen av fossila br\u00e4nslen, st\u00e4ller h\u00f6ga krav p\u00e5 ett robust och stabilt eln\u00e4t. F\u00f6r att m\u00f6ta behovet kr\u00e4vs en omfattande modernisering av eln\u00e4tet \u00f6ver hela landet, \u00e4ven p\u00e5 Gotland. I projektet Kapacitet Gotland investerar Gotlands eln\u00e4t cirka tv\u00e5 miljarder kronor, ett viktigt steg i energiomst\u00e4llningen p\u00e5 \u00f6n.\u00a0<\/p>\t\t\t\t\t\t\t\t<\/div>\n\t\t\t\t<\/div>\n\t\t\t\t<div class=\"elementor-element elementor-element-4c428701 elementor-align-left elementor-mobile-align-center elementor-widget elementor-widget-button\" data-id=\"4c428701\" data-element_type=\"widget\" data-e-type=\"widget\" data-widget_type=\"button.default\">\n\t\t\t\t<div class=\"elementor-widget-container\">\n\t\t\t\t\t\t\t\t\t<div class=\"elementor-button-wrapper\">\n\t\t\t\t\t<a class=\"elementor-button elementor-button-link elementor-size-sm elementor-animation-grow\" href=\"https:\/\/geab.se\/elnat\/KG-bakgrund\">\n\t\t\t\t\t\t<span class=\"elementor-button-content-wrapper\">\n\t\t\t\t\t\t\t\t\t<span class=\"elementor-button-text\">L\u00e4s om bakgrunden<\/span>\n\t\t\t\t\t<\/span>\n\t\t\t\t\t<\/a>\n\t\t\t\t<\/div>\n\t\t\t\t\t\t\t\t<\/div>\n\t\t\t\t<\/div>\n\t\t\t\t\t<\/div>\n\t\t<\/div>\n\t\t\t\t\t<\/div>\n\t\t<\/section>\n\t\t\t\t\t<\/div>\n\t\t<\/div>\n\t\t\t\t<div class=\"elementor-column elementor-col-50 elementor-top-column elementor-element elementor-element-4c9788df\" data-id=\"4c9788df\" data-element_type=\"column\" data-e-type=\"column\" data-settings=\"{&quot;background_background&quot;:&quot;classic&quot;}\">\n\t\t\t<div class=\"elementor-widget-wrap elementor-element-populated\">\n\t\t\t\t\t<div class=\"elementor-background-overlay\"><\/div>\n\t\t\t\t\t\t<div class=\"elementor-element elementor-element-2ab67bd elementor-widget elementor-widget-video\" data-id=\"2ab67bd\" data-element_type=\"widget\" data-e-type=\"widget\" data-settings=\"{&quot;youtube_url&quot;:&quot;https:\\\/\\\/youtu.be\\\/EwgVwoAg0-g&quot;,&quot;video_type&quot;:&quot;youtube&quot;,&quot;controls&quot;:&quot;yes&quot;}\" data-widget_type=\"video.default\">\n\t\t\t\t<div class=\"elementor-widget-container\">\n\t\t\t\t\t\t\t<div class=\"elementor-wrapper elementor-open-inline\">\n\t\t\t<div class=\"elementor-video\"><\/div>\t\t<\/div>\n\t\t\t\t\t\t<\/div>\n\t\t\t\t<\/div>\n\t\t\t\t\t<\/div>\n\t\t<\/div>\n\t\t\t\t\t<\/div>\n\t\t<\/section>\n\t\t\t\t<section class=\"elementor-section elementor-top-section elementor-element elementor-element-de116ff elementor-section-boxed elementor-section-height-default elementor-section-height-default\" data-id=\"de116ff\" data-element_type=\"section\" data-e-type=\"section\">\n\t\t\t\t\t\t<div class=\"elementor-container elementor-column-gap-default\">\n\t\t\t\t\t<div class=\"elementor-column elementor-col-100 elementor-top-column elementor-element elementor-element-4828786\" data-id=\"4828786\" data-element_type=\"column\" data-e-type=\"column\">\n\t\t\t<div class=\"elementor-widget-wrap elementor-element-populated\">\n\t\t\t\t\t\t<div class=\"elementor-element elementor-element-f216ccc elementor-widget elementor-widget-heading\" data-id=\"f216ccc\" data-element_type=\"widget\" data-e-type=\"widget\" data-widget_type=\"heading.default\">\n\t\t\t\t<div class=\"elementor-widget-container\">\n\t\t\t\t\t<h2 class=\"elementor-heading-title elementor-size-default\">F\u00f6lj v\u00e5ra p\u00e5g\u00e5ende projekt<\/h2>\t\t\t\t<\/div>\n\t\t\t\t<\/div>\n\t\t\t\t\t<\/div>\n\t\t<\/div>\n\t\t\t\t\t<\/div>\n\t\t<\/section>\n\t\t\t\t<section class=\"elementor-section elementor-top-section elementor-element elementor-element-e9a7e1a elementor-section-boxed elementor-section-height-default elementor-section-height-default\" data-id=\"e9a7e1a\" data-element_type=\"section\" data-e-type=\"section\" data-settings=\"{&quot;background_background&quot;:&quot;classic&quot;}\">\n\t\t\t\t\t\t<div class=\"elementor-container elementor-column-gap-default\">\n\t\t\t\t\t<div class=\"elementor-column elementor-col-33 elementor-top-column elementor-element elementor-element-fdf8281\" data-id=\"fdf8281\" data-element_type=\"column\" data-e-type=\"column\" data-settings=\"{&quot;background_background&quot;:&quot;classic&quot;}\">\n\t\t\t<div class=\"elementor-widget-wrap elementor-element-populated\">\n\t\t\t\t\t\t<div class=\"elementor-element elementor-element-bdb47a6 elementor-widget elementor-widget-image\" data-id=\"bdb47a6\" data-element_type=\"widget\" data-e-type=\"widget\" data-widget_type=\"image.default\">\n\t\t\t\t<div class=\"elementor-widget-container\">\n\t\t\t\t\t\t\t\t\t\t\t\t\t\t\t<img decoding=\"async\" src=\"https:\/\/geab.se\/elnat\/wp-content\/uploads\/sites\/3\/elementor\/thumbs\/Elnat_Gotland_lr-scaled-q58pshvds0h6gzl7ry1w2um0p89b6q7w3prz16iza0.jpg\" title=\"\" alt=\"Grusv\u00e4g som g\u00e5r l\u00e4ngs med en luftledning.\" loading=\"lazy\" \/>\t\t\t\t\t\t\t\t\t\t\t\t\t\t\t<\/div>\n\t\t\t\t<\/div>\n\t\t\t\t<section class=\"elementor-section elementor-inner-section elementor-element elementor-element-b3a30b4 elementor-section-boxed elementor-section-height-default elementor-section-height-default\" data-id=\"b3a30b4\" data-element_type=\"section\" data-e-type=\"section\" data-settings=\"{&quot;background_background&quot;:&quot;classic&quot;}\">\n\t\t\t\t\t\t\t<div class=\"elementor-background-overlay\"><\/div>\n\t\t\t\t\t\t\t<div class=\"elementor-container elementor-column-gap-default\">\n\t\t\t\t\t<div class=\"elementor-column elementor-col-100 elementor-inner-column elementor-element elementor-element-0beeb6a\" data-id=\"0beeb6a\" data-element_type=\"column\" data-e-type=\"column\">\n\t\t\t<div class=\"elementor-widget-wrap elementor-element-populated\">\n\t\t\t\t\t\t<div class=\"elementor-element elementor-element-b4aab22 elementor-widget elementor-widget-heading\" data-id=\"b4aab22\" data-element_type=\"widget\" data-e-type=\"widget\" data-widget_type=\"heading.default\">\n\t\t\t\t<div class=\"elementor-widget-container\">\n\t\t\t\t\t<h3 class=\"elementor-heading-title elementor-size-default\">Hemse - N\u00e4s<\/h3>\t\t\t\t<\/div>\n\t\t\t\t<\/div>\n\t\t\t\t<div class=\"elementor-element elementor-element-4b513e8 elementor-widget elementor-widget-text-editor\" data-id=\"4b513e8\" data-element_type=\"widget\" data-e-type=\"widget\" data-widget_type=\"text-editor.default\">\n\t\t\t\t<div class=\"elementor-widget-container\">\n\t\t\t\t\t\t\t\t\t<p>Gotlands Eln\u00e4t planerar att\u00a0<span lang=\"SV-SE\" xml:lang=\"SV-SE\" data-contrast=\"none\">bygga<\/span>\u00a0<span lang=\"SV-SE\" xml:lang=\"SV-SE\" data-contrast=\"none\">tv\u00e5 nya parallella 145 kV-ledningar mellan Hemse och N\u00e4s<\/span>.\u00a0<\/p>\t\t\t\t\t\t\t\t<\/div>\n\t\t\t\t<\/div>\n\t\t\t\t<div class=\"elementor-element elementor-element-d63b825 elementor-align-start elementor-icon-list--layout-traditional elementor-list-item-link-full_width elementor-widget elementor-widget-icon-list\" data-id=\"d63b825\" data-element_type=\"widget\" data-e-type=\"widget\" data-widget_type=\"icon-list.default\">\n\t\t\t\t<div class=\"elementor-widget-container\">\n\t\t\t\t\t\t\t<ul class=\"elementor-icon-list-items\">\n\t\t\t\t\t\t\t<li class=\"elementor-icon-list-item\">\n\t\t\t\t\t\t\t\t\t\t\t<a href=\"https:\/\/geab.se\/elnat\/projekt\/kapacitet-gotland\/hemsenas\/\">\n\n\t\t\t\t\t\t\t\t\t\t\t\t<span class=\"elementor-icon-list-icon\">\n\t\t\t\t\t\t\t<i aria-hidden=\"true\" class=\"fas fa-arrow-right\"><\/i>\t\t\t\t\t\t<\/span>\n\t\t\t\t\t\t\t\t\t\t<span class=\"elementor-icon-list-text\">L\u00e4s om Hemse - N\u00e4s<\/span>\n\t\t\t\t\t\t\t\t\t\t\t<\/a>\n\t\t\t\t\t\t\t\t\t<\/li>\n\t\t\t\t\t\t<\/ul>\n\t\t\t\t\t\t<\/div>\n\t\t\t\t<\/div>\n\t\t\t\t\t<\/div>\n\t\t<\/div>\n\t\t\t\t\t<\/div>\n\t\t<\/section>\n\t\t\t\t\t<\/div>\n\t\t<\/div>\n\t\t\t\t<div class=\"elementor-column elementor-col-33 elementor-top-column elementor-element elementor-element-653c083\" data-id=\"653c083\" data-element_type=\"column\" data-e-type=\"column\" data-settings=\"{&quot;background_background&quot;:&quot;classic&quot;}\">\n\t\t\t<div class=\"elementor-widget-wrap elementor-element-populated\">\n\t\t\t\t\t\t<div class=\"elementor-element elementor-element-29094e5 elementor-widget elementor-widget-image\" data-id=\"29094e5\" data-element_type=\"widget\" data-e-type=\"widget\" data-widget_type=\"image.default\">\n\t\t\t\t<div class=\"elementor-widget-container\">\n\t\t\t\t\t\t\t\t\t\t\t\t\t\t\t<img decoding=\"async\" src=\"https:\/\/geab.se\/elnat\/wp-content\/uploads\/sites\/3\/elementor\/thumbs\/GGotland_naturejpg-scaled-q58qkwjsbrd5cqbpw83zfojj0g8ntezuobk968en88.jpg\" title=\"\" alt=\"Tr\u00e4d som st\u00e5r bredvid grusv\u00e4g.\" loading=\"lazy\" \/>\t\t\t\t\t\t\t\t\t\t\t\t\t\t\t<\/div>\n\t\t\t\t<\/div>\n\t\t\t\t<section class=\"elementor-section elementor-inner-section elementor-element elementor-element-2b14ce2 elementor-section-boxed elementor-section-height-default elementor-section-height-default\" data-id=\"2b14ce2\" data-element_type=\"section\" data-e-type=\"section\" data-settings=\"{&quot;background_background&quot;:&quot;classic&quot;}\">\n\t\t\t\t\t\t\t<div class=\"elementor-background-overlay\"><\/div>\n\t\t\t\t\t\t\t<div class=\"elementor-container elementor-column-gap-default\">\n\t\t\t\t\t<div class=\"elementor-column elementor-col-100 elementor-inner-column elementor-element elementor-element-a9f086a\" data-id=\"a9f086a\" data-element_type=\"column\" data-e-type=\"column\">\n\t\t\t<div class=\"elementor-widget-wrap elementor-element-populated\">\n\t\t\t\t\t\t<div class=\"elementor-element elementor-element-5fff8cf elementor-widget elementor-widget-heading\" data-id=\"5fff8cf\" data-element_type=\"widget\" data-e-type=\"widget\" data-widget_type=\"heading.default\">\n\t\t\t\t<div class=\"elementor-widget-container\">\n\t\t\t\t\t<h3 class=\"elementor-heading-title elementor-size-default\">Ygne - Hemse<\/h3>\t\t\t\t<\/div>\n\t\t\t\t<\/div>\n\t\t\t\t<div class=\"elementor-element elementor-element-05c162e elementor-widget elementor-widget-text-editor\" data-id=\"05c162e\" data-element_type=\"widget\" data-e-type=\"widget\" data-widget_type=\"text-editor.default\">\n\t\t\t\t<div class=\"elementor-widget-container\">\n\t\t\t\t\t\t\t\t\t<p>Gotlands Eln\u00e4t planerar f\u00f6r om- och nybyggnation av befintlig 70 kV-ledning mellan Ygne och Hemse samt en framtida sp\u00e4nningsh\u00f6jning till 145 kV-ledning.\u00a0<\/p>\t\t\t\t\t\t\t\t<\/div>\n\t\t\t\t<\/div>\n\t\t\t\t<div class=\"elementor-element elementor-element-1327c69 elementor-align-start elementor-icon-list--layout-traditional elementor-list-item-link-full_width elementor-widget elementor-widget-icon-list\" data-id=\"1327c69\" data-element_type=\"widget\" data-e-type=\"widget\" data-widget_type=\"icon-list.default\">\n\t\t\t\t<div class=\"elementor-widget-container\">\n\t\t\t\t\t\t\t<ul class=\"elementor-icon-list-items\">\n\t\t\t\t\t\t\t<li class=\"elementor-icon-list-item\">\n\t\t\t\t\t\t\t\t\t\t\t<a href=\"https:\/\/geab.se\/elnat\/projekt\/kapacitet-gotland\/ygnehemse\">\n\n\t\t\t\t\t\t\t\t\t\t\t\t<span class=\"elementor-icon-list-icon\">\n\t\t\t\t\t\t\t<i aria-hidden=\"true\" class=\"fas fa-arrow-right\"><\/i>\t\t\t\t\t\t<\/span>\n\t\t\t\t\t\t\t\t\t\t<span class=\"elementor-icon-list-text\">L\u00e4s om Ygne - Hemse<\/span>\n\t\t\t\t\t\t\t\t\t\t\t<\/a>\n\t\t\t\t\t\t\t\t\t<\/li>\n\t\t\t\t\t\t<\/ul>\n\t\t\t\t\t\t<\/div>\n\t\t\t\t<\/div>\n\t\t\t\t\t<\/div>\n\t\t<\/div>\n\t\t\t\t\t<\/div>\n\t\t<\/section>\n\t\t\t\t\t<\/div>\n\t\t<\/div>\n\t\t\t\t<div class=\"elementor-column elementor-col-33 elementor-top-column elementor-element elementor-element-1f7b699\" data-id=\"1f7b699\" data-element_type=\"column\" data-e-type=\"column\" data-settings=\"{&quot;background_background&quot;:&quot;classic&quot;}\">\n\t\t\t<div class=\"elementor-widget-wrap elementor-element-populated\">\n\t\t\t\t\t\t<div class=\"elementor-element elementor-element-2580b06 elementor-widget elementor-widget-image\" data-id=\"2580b06\" data-element_type=\"widget\" data-e-type=\"widget\" data-widget_type=\"image.default\">\n\t\t\t\t<div class=\"elementor-widget-container\">\n\t\t\t\t\t\t\t\t\t\t\t\t\t\t\t<img decoding=\"async\" src=\"https:\/\/geab.se\/elnat\/wp-content\/uploads\/sites\/3\/elementor\/thumbs\/IMG_7896xlow-scaled-poziwgmnsp1w9pko0wf1jh523cxddow5cgt0whoh08.jpg\" title=\"\" alt=\"Medarbetare som genomf\u00f6r ett arbete p\u00e5 en luftledning.\" loading=\"lazy\" \/>\t\t\t\t\t\t\t\t\t\t\t\t\t\t\t<\/div>\n\t\t\t\t<\/div>\n\t\t\t\t<section class=\"elementor-section elementor-inner-section elementor-element elementor-element-19eed8c elementor-section-boxed elementor-section-height-default elementor-section-height-default\" data-id=\"19eed8c\" data-element_type=\"section\" data-e-type=\"section\" data-settings=\"{&quot;background_background&quot;:&quot;classic&quot;}\">\n\t\t\t\t\t\t\t<div class=\"elementor-background-overlay\"><\/div>\n\t\t\t\t\t\t\t<div class=\"elementor-container elementor-column-gap-default\">\n\t\t\t\t\t<div class=\"elementor-column elementor-col-100 elementor-inner-column elementor-element elementor-element-1069bad\" data-id=\"1069bad\" data-element_type=\"column\" data-e-type=\"column\">\n\t\t\t<div class=\"elementor-widget-wrap elementor-element-populated\">\n\t\t\t\t\t\t<div class=\"elementor-element elementor-element-b276c6f elementor-widget elementor-widget-heading\" data-id=\"b276c6f\" data-element_type=\"widget\" data-e-type=\"widget\" data-widget_type=\"heading.default\">\n\t\t\t\t<div class=\"elementor-widget-container\">\n\t\t\t\t\t<h3 class=\"elementor-heading-title elementor-size-default\">Stenkumla - Slite<\/h3>\t\t\t\t<\/div>\n\t\t\t\t<\/div>\n\t\t\t\t<div class=\"elementor-element elementor-element-02c4b32 elementor-widget elementor-widget-text-editor\" data-id=\"02c4b32\" data-element_type=\"widget\" data-e-type=\"widget\" data-widget_type=\"text-editor.default\">\n\t\t\t\t<div class=\"elementor-widget-container\">\n\t\t\t\t\t\t\t\t\t<p><span class=\"TrackChangeTextInsertion TrackedChange SCXW206488600 BCX8\"><span class=\"TextRun SCXW206488600 BCX8\" lang=\"SV-SE\" xml:lang=\"SV-SE\" data-contrast=\"auto\"><span class=\"NormalTextRun SCXW206488600 BCX8\">Gotlands Eln\u00e4t planerar att <\/span><\/span><\/span><span class=\"TrackChangeTextInsertion TrackedChange SCXW206488600 BCX8\"><span class=\"TextRun SCXW206488600 BCX8\" lang=\"SV-SE\" xml:lang=\"SV-SE\" data-contrast=\"auto\"><span class=\"NormalTextRun SCXW206488600 BCX8\">\u00f6ka \u00f6verf\u00f6ringskapaciteten <\/span><\/span><\/span><span class=\"TrackChangeTextInsertion TrackedChange SCXW206488600 BCX8\"><span class=\"TextRun SCXW206488600 BCX8\" lang=\"SV-SE\" xml:lang=\"SV-SE\" data-contrast=\"auto\"><span class=\"NormalTextRun ContextualSpellingAndGrammarErrorV2Themed SCXW206488600 BCX8\">av <\/span><\/span><\/span><span class=\"TrackChangeTextInsertion TrackedChange SCXW206488600 BCX8\"><span class=\"TextRun SCXW206488600 BCX8\" lang=\"SV-SE\" xml:lang=\"SV-SE\" data-contrast=\"auto\"><span class=\"NormalTextRun ContextualSpellingAndGrammarErrorV2Themed SCXW206488600 BCX8\">den<\/span><\/span><\/span><span class=\"TrackChangeTextInsertion TrackedChange SCXW206488600 BCX8\"><span class=\"TextRun SCXW206488600 BCX8\" lang=\"SV-SE\" xml:lang=\"SV-SE\" data-contrast=\"auto\"><span class=\"NormalTextRun SCXW206488600 BCX8\"> befintliga <\/span><\/span><\/span><span class=\"TrackChangeTextInsertion TrackedChange SCXW206488600 BCX8\"><span class=\"TextRun SCXW206488600 BCX8\" lang=\"SV-SE\" xml:lang=\"SV-SE\" data-contrast=\"auto\"><span class=\"NormalTextRun SpellingErrorV2Themed SCXW206488600 BCX8\">h\u00f6gsp\u00e4nnings<\/span><\/span><\/span><span class=\"TrackChangeTextInsertion TrackedChange SCXW206488600 BCX8\"><span class=\"TextRun SCXW206488600 BCX8\" lang=\"SV-SE\" xml:lang=\"SV-SE\" data-contrast=\"auto\"><span class=\"NormalTextRun SCXW206488600 BCX8\">ledningen mellan Stenkumla och Slite<\/span><\/span><\/span><span class=\"TrackChangeTextInsertion TrackedChange SCXW206488600 BCX8\"><span class=\"TextRun SCXW206488600 BCX8\" lang=\"SV-SE\" xml:lang=\"SV-SE\" data-contrast=\"auto\"><span class=\"NormalTextRun SCXW206488600 BCX8\">.<\/span><\/span><\/span><\/p>\t\t\t\t\t\t\t\t<\/div>\n\t\t\t\t<\/div>\n\t\t\t\t<div class=\"elementor-element elementor-element-157ac54 elementor-align-start elementor-icon-list--layout-traditional elementor-list-item-link-full_width elementor-widget elementor-widget-icon-list\" data-id=\"157ac54\" data-element_type=\"widget\" data-e-type=\"widget\" data-widget_type=\"icon-list.default\">\n\t\t\t\t<div class=\"elementor-widget-container\">\n\t\t\t\t\t\t\t<ul class=\"elementor-icon-list-items\">\n\t\t\t\t\t\t\t<li class=\"elementor-icon-list-item\">\n\t\t\t\t\t\t\t\t\t\t\t<a href=\"https:\/\/geab.se\/elnat\/projekt\/kapacitet-gotland\/stenkumlaslite\/\">\n\n\t\t\t\t\t\t\t\t\t\t\t\t<span class=\"elementor-icon-list-icon\">\n\t\t\t\t\t\t\t<i aria-hidden=\"true\" class=\"fas fa-arrow-right\"><\/i>\t\t\t\t\t\t<\/span>\n\t\t\t\t\t\t\t\t\t\t<span class=\"elementor-icon-list-text\">L\u00e4s om Stenkumla - Slite<\/span>\n\t\t\t\t\t\t\t\t\t\t\t<\/a>\n\t\t\t\t\t\t\t\t\t<\/li>\n\t\t\t\t\t\t<\/ul>\n\t\t\t\t\t\t<\/div>\n\t\t\t\t<\/div>\n\t\t\t\t\t<\/div>\n\t\t<\/div>\n\t\t\t\t\t<\/div>\n\t\t<\/section>\n\t\t\t\t\t<\/div>\n\t\t<\/div>\n\t\t\t\t\t<\/div>\n\t\t<\/section>\n\t\t\t\t<section class=\"elementor-section elementor-top-section elementor-element elementor-element-e158560 elementor-section-boxed elementor-section-height-default elementor-section-height-default\" data-id=\"e158560\" data-element_type=\"section\" data-e-type=\"section\" data-settings=\"{&quot;background_background&quot;:&quot;classic&quot;}\">\n\t\t\t\t\t\t<div class=\"elementor-container elementor-column-gap-default\">\n\t\t\t\t\t<div class=\"elementor-column elementor-col-33 elementor-top-column elementor-element elementor-element-64d2ff7\" data-id=\"64d2ff7\" data-element_type=\"column\" data-e-type=\"column\" data-settings=\"{&quot;background_background&quot;:&quot;classic&quot;}\">\n\t\t\t<div class=\"elementor-widget-wrap elementor-element-populated\">\n\t\t\t\t\t\t<div class=\"elementor-element elementor-element-ea8e4fb elementor-widget elementor-widget-image\" data-id=\"ea8e4fb\" data-element_type=\"widget\" data-e-type=\"widget\" data-widget_type=\"image.default\">\n\t\t\t\t<div class=\"elementor-widget-container\">\n\t\t\t\t\t\t\t\t\t\t\t\t\t\t\t<img decoding=\"async\" src=\"https:\/\/geab.se\/elnat\/wp-content\/uploads\/sites\/3\/elementor\/thumbs\/elledning-stenkumla-qenz6gj1e1xqzz08xe5nn4zk4dtuqq4t3dmahjp53s.jpg\" title=\"\" alt=\"En grusv\u00e4g som korsar en ledningsgata.\" loading=\"lazy\" \/>\t\t\t\t\t\t\t\t\t\t\t\t\t\t\t<\/div>\n\t\t\t\t<\/div>\n\t\t\t\t<section class=\"elementor-section elementor-inner-section elementor-element elementor-element-070fcff elementor-section-boxed elementor-section-height-default elementor-section-height-default\" data-id=\"070fcff\" data-element_type=\"section\" data-e-type=\"section\" data-settings=\"{&quot;background_background&quot;:&quot;classic&quot;}\">\n\t\t\t\t\t\t\t<div class=\"elementor-background-overlay\"><\/div>\n\t\t\t\t\t\t\t<div class=\"elementor-container elementor-column-gap-default\">\n\t\t\t\t\t<div class=\"elementor-column elementor-col-100 elementor-inner-column elementor-element elementor-element-a389907\" data-id=\"a389907\" data-element_type=\"column\" data-e-type=\"column\">\n\t\t\t<div class=\"elementor-widget-wrap elementor-element-populated\">\n\t\t\t\t\t\t<div class=\"elementor-element elementor-element-c50bf90 elementor-widget elementor-widget-heading\" data-id=\"c50bf90\" data-element_type=\"widget\" data-e-type=\"widget\" data-widget_type=\"heading.default\">\n\t\t\t\t<div class=\"elementor-widget-container\">\n\t\t\t\t\t<h4 class=\"elementor-heading-title elementor-size-default\">Stenkumla - V\u00e4sterhejde<\/h4>\t\t\t\t<\/div>\n\t\t\t\t<\/div>\n\t\t\t\t<div class=\"elementor-element elementor-element-7b7056a elementor-widget elementor-widget-text-editor\" data-id=\"7b7056a\" data-element_type=\"widget\" data-e-type=\"widget\" data-widget_type=\"text-editor.default\">\n\t\t\t\t<div class=\"elementor-widget-container\">\n\t\t\t\t\t\t\t\t\t<p><span class=\"TextRun SCXW230741135 BCX8\" lang=\"SV-SE\" xml:lang=\"SV-SE\" data-contrast=\"none\"><span class=\"NormalTextRun SCXW230741135 BCX8\">Gotlands Eln\u00e4t planerar att<\/span><span class=\"NormalTextRun SCXW230741135 BCX8\">\u00a0f\u00f6rnya eln\u00e4tet<\/span> <span class=\"NormalTextRun SCXW230741135 BCX8\">i Stenkumla<\/span><span class=\"NormalTextRun SCXW230741135 BCX8\">&#8211;<\/span><span class=\"NormalTextRun SpellingErrorV2Themed SCXW230741135 BCX8\">V\u00e4sterhejde f\u00f6r<\/span><span class=\"NormalTextRun SCXW230741135 BCX8\">\u00a0\u00f6kad \u00f6verf\u00f6ringskapacitet, leveranskvalitet och <\/span><span class=\"NormalTextRun SCXW230741135 BCX8\">drifts\u00e4kerhet.\u00a0<\/span><\/span><span class=\"EOP SCXW230741135 BCX8\" data-ccp-props=\"{&quot;201341983&quot;:0,&quot;335559739&quot;:160,&quot;335559740&quot;:259}\">\u00a0<\/span><\/p>\t\t\t\t\t\t\t\t<\/div>\n\t\t\t\t<\/div>\n\t\t\t\t<div class=\"elementor-element elementor-element-f610b49 elementor-align-start elementor-icon-list--layout-traditional elementor-list-item-link-full_width elementor-widget elementor-widget-icon-list\" data-id=\"f610b49\" data-element_type=\"widget\" data-e-type=\"widget\" data-widget_type=\"icon-list.default\">\n\t\t\t\t<div class=\"elementor-widget-container\">\n\t\t\t\t\t\t\t<ul class=\"elementor-icon-list-items\">\n\t\t\t\t\t\t\t<li class=\"elementor-icon-list-item\">\n\t\t\t\t\t\t\t\t\t\t\t<a href=\"https:\/\/geab.se\/elnat\/projekt\/kapacitet-gotland\/stenkumla\/\">\n\n\t\t\t\t\t\t\t\t\t\t\t\t<span class=\"elementor-icon-list-icon\">\n\t\t\t\t\t\t\t<i aria-hidden=\"true\" class=\"fas fa-arrow-right\"><\/i>\t\t\t\t\t\t<\/span>\n\t\t\t\t\t\t\t\t\t\t<span class=\"elementor-icon-list-text\">L\u00e4s om Stenkumla - V\u00e4sterhejde<\/span>\n\t\t\t\t\t\t\t\t\t\t\t<\/a>\n\t\t\t\t\t\t\t\t\t<\/li>\n\t\t\t\t\t\t<\/ul>\n\t\t\t\t\t\t<\/div>\n\t\t\t\t<\/div>\n\t\t\t\t\t<\/div>\n\t\t<\/div>\n\t\t\t\t\t<\/div>\n\t\t<\/section>\n\t\t\t\t\t<\/div>\n\t\t<\/div>\n\t\t\t\t<div class=\"elementor-column elementor-col-33 elementor-top-column elementor-element elementor-element-9358bdc\" data-id=\"9358bdc\" data-element_type=\"column\" data-e-type=\"column\" data-settings=\"{&quot;background_background&quot;:&quot;classic&quot;}\">\n\t\t\t<div class=\"elementor-widget-wrap elementor-element-populated\">\n\t\t\t\t\t\t<div class=\"elementor-element elementor-element-4da55d9 elementor-widget elementor-widget-image\" data-id=\"4da55d9\" data-element_type=\"widget\" data-e-type=\"widget\" data-widget_type=\"image.default\">\n\t\t\t\t<div class=\"elementor-widget-container\">\n\t\t\t\t\t\t\t\t\t\t\t\t\t\t\t<img decoding=\"async\" src=\"https:\/\/geab.se\/elnat\/wp-content\/uploads\/sites\/3\/elementor\/thumbs\/DSC08240-kopiera-scaled-qdgf6yofllkk7k56nnhstgtvuscncxhka7pcoeyo7s.jpg\" title=\"\" alt=\"Geab medarbetare i en ledningsgata.\" loading=\"lazy\" \/>\t\t\t\t\t\t\t\t\t\t\t\t\t\t\t<\/div>\n\t\t\t\t<\/div>\n\t\t\t\t<section class=\"elementor-section elementor-inner-section elementor-element elementor-element-1122e95 elementor-section-boxed elementor-section-height-default elementor-section-height-default\" data-id=\"1122e95\" data-element_type=\"section\" data-e-type=\"section\" data-settings=\"{&quot;background_background&quot;:&quot;classic&quot;}\">\n\t\t\t\t\t\t\t<div class=\"elementor-background-overlay\"><\/div>\n\t\t\t\t\t\t\t<div class=\"elementor-container elementor-column-gap-default\">\n\t\t\t\t\t<div class=\"elementor-column elementor-col-100 elementor-inner-column elementor-element elementor-element-bfd9e50\" data-id=\"bfd9e50\" data-element_type=\"column\" data-e-type=\"column\">\n\t\t\t<div class=\"elementor-widget-wrap elementor-element-populated\">\n\t\t\t\t\t\t<div class=\"elementor-element elementor-element-f2a043c elementor-widget elementor-widget-heading\" data-id=\"f2a043c\" data-element_type=\"widget\" data-e-type=\"widget\" data-widget_type=\"heading.default\">\n\t\t\t\t<div class=\"elementor-widget-container\">\n\t\t\t\t\t<h4 class=\"elementor-heading-title elementor-size-default\">Stenkumla - Roma - B\u00e4l<\/h4>\t\t\t\t<\/div>\n\t\t\t\t<\/div>\n\t\t\t\t<div class=\"elementor-element elementor-element-436b3df elementor-widget elementor-widget-text-editor\" data-id=\"436b3df\" data-element_type=\"widget\" data-e-type=\"widget\" data-widget_type=\"text-editor.default\">\n\t\t\t\t<div class=\"elementor-widget-container\">\n\t\t\t\t\t\t\t\t\t<p>H\u00e4r planerar vi att f\u00f6rnya eln\u00e4tet fr\u00e5n Stenkumla via Roma till B\u00e4l f\u00f6r \u00f6kad \u00f6verf\u00f6ringskapacitet, leveranskvalitet och drifts\u00e4kerhet.<\/p>\t\t\t\t\t\t\t\t<\/div>\n\t\t\t\t<\/div>\n\t\t\t\t<div class=\"elementor-element elementor-element-45734de elementor-align-start elementor-icon-list--layout-traditional elementor-list-item-link-full_width elementor-widget elementor-widget-icon-list\" data-id=\"45734de\" data-element_type=\"widget\" data-e-type=\"widget\" data-widget_type=\"icon-list.default\">\n\t\t\t\t<div class=\"elementor-widget-container\">\n\t\t\t\t\t\t\t<ul class=\"elementor-icon-list-items\">\n\t\t\t\t\t\t\t<li class=\"elementor-icon-list-item\">\n\t\t\t\t\t\t\t\t\t\t\t<a href=\"https:\/\/geab.se\/elnat\/projekt\/kapacitet-gotland\/stenkumla-bal\/\">\n\n\t\t\t\t\t\t\t\t\t\t\t\t<span class=\"elementor-icon-list-icon\">\n\t\t\t\t\t\t\t<i aria-hidden=\"true\" class=\"fas fa-arrow-right\"><\/i>\t\t\t\t\t\t<\/span>\n\t\t\t\t\t\t\t\t\t\t<span class=\"elementor-icon-list-text\">L\u00e4s om Stenkumla - Roma - B\u00e4l<\/span>\n\t\t\t\t\t\t\t\t\t\t\t<\/a>\n\t\t\t\t\t\t\t\t\t<\/li>\n\t\t\t\t\t\t<\/ul>\n\t\t\t\t\t\t<\/div>\n\t\t\t\t<\/div>\n\t\t\t\t\t<\/div>\n\t\t<\/div>\n\t\t\t\t\t<\/div>\n\t\t<\/section>\n\t\t\t\t\t<\/div>\n\t\t<\/div>\n\t\t\t\t<div class=\"elementor-column elementor-col-33 elementor-top-column elementor-element elementor-element-4540bd7\" data-id=\"4540bd7\" data-element_type=\"column\" data-e-type=\"column\" data-settings=\"{&quot;background_background&quot;:&quot;classic&quot;}\">\n\t\t\t<div class=\"elementor-widget-wrap elementor-element-populated\">\n\t\t\t\t\t\t<div class=\"elementor-element elementor-element-deb406d elementor-widget elementor-widget-image\" data-id=\"deb406d\" data-element_type=\"widget\" data-e-type=\"widget\" data-widget_type=\"image.default\">\n\t\t\t\t<div class=\"elementor-widget-container\">\n\t\t\t\t\t\t\t\t\t\t\t\t\t\t\t<img decoding=\"async\" src=\"https:\/\/geab.se\/elnat\/wp-content\/uploads\/sites\/3\/elementor\/thumbs\/DSC06077-Edit-scaled-q65y6wnenymeejextv8ocok79xoqw5rhege3yzllw8.jpg\" title=\"\" alt=\"Installation av en transformatorstation.\" loading=\"lazy\" \/>\t\t\t\t\t\t\t\t\t\t\t\t\t\t\t<\/div>\n\t\t\t\t<\/div>\n\t\t\t\t<section class=\"elementor-section elementor-inner-section elementor-element elementor-element-2ca0770 elementor-section-boxed elementor-section-height-default elementor-section-height-default\" data-id=\"2ca0770\" data-element_type=\"section\" data-e-type=\"section\" data-settings=\"{&quot;background_background&quot;:&quot;classic&quot;}\">\n\t\t\t\t\t\t\t<div class=\"elementor-background-overlay\"><\/div>\n\t\t\t\t\t\t\t<div class=\"elementor-container elementor-column-gap-default\">\n\t\t\t\t\t<div class=\"elementor-column elementor-col-100 elementor-inner-column elementor-element elementor-element-7b0ce17\" data-id=\"7b0ce17\" data-element_type=\"column\" data-e-type=\"column\">\n\t\t\t<div class=\"elementor-widget-wrap elementor-element-populated\">\n\t\t\t\t\t\t<div class=\"elementor-element elementor-element-82d30b9 elementor-widget elementor-widget-heading\" data-id=\"82d30b9\" data-element_type=\"widget\" data-e-type=\"widget\" data-widget_type=\"heading.default\">\n\t\t\t\t<div class=\"elementor-widget-container\">\n\t\t\t\t\t<h4 class=\"elementor-heading-title elementor-size-default\">Stationsprojekt<\/h4>\t\t\t\t<\/div>\n\t\t\t\t<\/div>\n\t\t\t\t<div class=\"elementor-element elementor-element-a09663f elementor-widget elementor-widget-text-editor\" data-id=\"a09663f\" data-element_type=\"widget\" data-e-type=\"widget\" data-widget_type=\"text-editor.default\">\n\t\t\t\t<div class=\"elementor-widget-container\">\n\t\t\t\t\t\t\t\t\t<p><span class=\"TrackChangeTextInsertion TrackedChange SCXW206488600 BCX8\"><span class=\"TextRun SCXW206488600 BCX8\" lang=\"SV-SE\" xml:lang=\"SV-SE\" data-contrast=\"auto\"><span class=\"NormalTextRun SCXW206488600 BCX8\">Arbetet med en f\u00f6rnyelse och modernisering av \u00f6ns centrala eln\u00e4t p\u00e5g\u00e5r, vilket inneb\u00e4r att flera stationer m\u00e5ste byggas om och f\u00f6rst\u00e4rkas f\u00f6r \u00f6kad \u00f6verf\u00f6ringskapacitet.<\/span><\/span><\/span><\/p>\t\t\t\t\t\t\t\t<\/div>\n\t\t\t\t<\/div>\n\t\t\t\t<div class=\"elementor-element elementor-element-d273ebe elementor-align-start elementor-icon-list--layout-traditional elementor-list-item-link-full_width elementor-widget elementor-widget-icon-list\" data-id=\"d273ebe\" data-element_type=\"widget\" data-e-type=\"widget\" data-widget_type=\"icon-list.default\">\n\t\t\t\t<div class=\"elementor-widget-container\">\n\t\t\t\t\t\t\t<ul class=\"elementor-icon-list-items\">\n\t\t\t\t\t\t\t<li class=\"elementor-icon-list-item\">\n\t\t\t\t\t\t\t\t\t\t\t<a href=\"https:\/\/geab.se\/elnat\/projekt\/kapacitet-gotland\/stationsprojekt\/\">\n\n\t\t\t\t\t\t\t\t\t\t\t\t<span class=\"elementor-icon-list-icon\">\n\t\t\t\t\t\t\t<i aria-hidden=\"true\" class=\"fas fa-arrow-right\"><\/i>\t\t\t\t\t\t<\/span>\n\t\t\t\t\t\t\t\t\t\t<span class=\"elementor-icon-list-text\">L\u00e4s om stationsprojekt<\/span>\n\t\t\t\t\t\t\t\t\t\t\t<\/a>\n\t\t\t\t\t\t\t\t\t<\/li>\n\t\t\t\t\t\t<\/ul>\n\t\t\t\t\t\t<\/div>\n\t\t\t\t<\/div>\n\t\t\t\t\t<\/div>\n\t\t<\/div>\n\t\t\t\t\t<\/div>\n\t\t<\/section>\n\t\t\t\t\t<\/div>\n\t\t<\/div>\n\t\t\t\t\t<\/div>\n\t\t<\/section>\n\t\t\t\t<section class=\"elementor-section elementor-top-section elementor-element elementor-element-444e66a6 elementor-section-boxed elementor-section-height-default elementor-section-height-default\" data-id=\"444e66a6\" data-element_type=\"section\" data-e-type=\"section\" data-settings=\"{&quot;background_background&quot;:&quot;classic&quot;}\">\n\t\t\t\t\t\t<div class=\"elementor-container elementor-column-gap-default\">\n\t\t\t\t\t<div class=\"elementor-column elementor-col-100 elementor-top-column elementor-element elementor-element-730b0d73\" data-id=\"730b0d73\" data-element_type=\"column\" data-e-type=\"column\" data-settings=\"{&quot;background_background&quot;:&quot;classic&quot;}\">\n\t\t\t<div class=\"elementor-widget-wrap elementor-element-populated\">\n\t\t\t\t\t\t<section class=\"elementor-section elementor-inner-section elementor-element elementor-element-64f70a0e elementor-section-boxed elementor-section-height-default elementor-section-height-default\" data-id=\"64f70a0e\" data-element_type=\"section\" data-e-type=\"section\" data-settings=\"{&quot;background_background&quot;:&quot;classic&quot;}\">\n\t\t\t\t\t\t<div class=\"elementor-container elementor-column-gap-default\">\n\t\t\t\t\t<div class=\"elementor-column elementor-col-100 elementor-inner-column elementor-element elementor-element-37930364\" data-id=\"37930364\" data-element_type=\"column\" data-e-type=\"column\" data-settings=\"{&quot;background_background&quot;:&quot;classic&quot;}\">\n\t\t\t<div class=\"elementor-widget-wrap elementor-element-populated\">\n\t\t\t\t\t\t<div class=\"elementor-element elementor-element-6cbeb4b4 elementor-widget elementor-widget-heading\" data-id=\"6cbeb4b4\" data-element_type=\"widget\" data-e-type=\"widget\" data-widget_type=\"heading.default\">\n\t\t\t\t<div class=\"elementor-widget-container\">\n\t\t\t\t\t<h2 class=\"elementor-heading-title elementor-size-default\">Vanliga fr\u00e5gor och svar<\/h2>\t\t\t\t<\/div>\n\t\t\t\t<\/div>\n\t\t\t\t<div class=\"elementor-element elementor-element-5a63a6b9 elementor-widget elementor-widget-toggle\" data-id=\"5a63a6b9\" data-element_type=\"widget\" data-e-type=\"widget\" data-widget_type=\"toggle.default\">\n\t\t\t\t<div class=\"elementor-widget-container\">\n\t\t\t\t\t\t\t<div class=\"elementor-toggle\">\n\t\t\t\t\t\t\t<div class=\"elementor-toggle-item\">\n\t\t\t\t\t<div id=\"elementor-tab-title-1511\" class=\"elementor-tab-title\" data-tab=\"1\" role=\"button\" aria-controls=\"elementor-tab-content-1511\" aria-expanded=\"false\">\n\t\t\t\t\t\t\t\t\t\t\t\t<span class=\"elementor-toggle-icon elementor-toggle-icon-right\" aria-hidden=\"true\">\n\t\t\t\t\t\t\t\t\t\t\t\t\t\t\t<span class=\"elementor-toggle-icon-closed\"><i class=\"fas fa-chevron-down\"><\/i><\/span>\n\t\t\t\t\t\t\t\t<span class=\"elementor-toggle-icon-opened\"><i class=\"elementor-toggle-icon-opened fas fa-chevron-up\"><\/i><\/span>\n\t\t\t\t\t\t\t\t\t\t\t\t\t<\/span>\n\t\t\t\t\t\t\t\t\t\t\t\t<a class=\"elementor-toggle-title\" tabindex=\"0\">Vad ing\u00e5r i Kapacitet Gotland?<\/a>\n\t\t\t\t\t<\/div>\n\n\t\t\t\t\t<div id=\"elementor-tab-content-1511\" class=\"elementor-tab-content elementor-clearfix\" data-tab=\"1\" role=\"region\" aria-labelledby=\"elementor-tab-title-1511\"><p>Kapacitet Gotland \u00e4r projektnamnet f\u00f6r arbetet med att f\u00f6rst\u00e4rka och f\u00f6rnya det centrala eln\u00e4tet p\u00e5 Gotland. Ledningar, stolpar och stationer beh\u00f6ver bytas och byggas ut, f\u00f6r att klara en \u00f6kad kapacitet. Programmet omfattar ett 40-tal projekt, spridda \u00f6ver hela \u00f6n. Investeringen ber\u00e4knas uppg\u00e5 till cirka 2 miljarder kronor och planeras var klart 2040.\u00a0\u00a0<\/p><\/div>\n\t\t\t\t<\/div>\n\t\t\t\t\t\t\t<div class=\"elementor-toggle-item\">\n\t\t\t\t\t<div id=\"elementor-tab-title-1512\" class=\"elementor-tab-title\" data-tab=\"2\" role=\"button\" aria-controls=\"elementor-tab-content-1512\" aria-expanded=\"false\">\n\t\t\t\t\t\t\t\t\t\t\t\t<span class=\"elementor-toggle-icon elementor-toggle-icon-right\" aria-hidden=\"true\">\n\t\t\t\t\t\t\t\t\t\t\t\t\t\t\t<span class=\"elementor-toggle-icon-closed\"><i class=\"fas fa-chevron-down\"><\/i><\/span>\n\t\t\t\t\t\t\t\t<span class=\"elementor-toggle-icon-opened\"><i class=\"elementor-toggle-icon-opened fas fa-chevron-up\"><\/i><\/span>\n\t\t\t\t\t\t\t\t\t\t\t\t\t<\/span>\n\t\t\t\t\t\t\t\t\t\t\t\t<a class=\"elementor-toggle-title\" tabindex=\"0\">Varf\u00f6r g\u00f6rs dessa ombyggnationer?<\/a>\n\t\t\t\t\t<\/div>\n\n\t\t\t\t\t<div id=\"elementor-tab-content-1512\" class=\"elementor-tab-content elementor-clearfix\" data-tab=\"2\" role=\"region\" aria-labelledby=\"elementor-tab-title-1512\"><p>Den \u00f6kade efterfr\u00e5gan p\u00e5 el, i takt med energiomst\u00e4llningen, st\u00e4ller h\u00f6ga krav p\u00e5 ett robust och stabilt eln\u00e4t. Med st\u00e4rkt kapacitet i v\u00e5ra ledningar m\u00f6jligg\u00f6r vi f\u00f6r fler att ansluta sig och g\u00f6ra energieffektiva val, f\u00f6r ett fossilfritt liv p\u00e5 Gotland. Utbyggnaden \u00e4r en f\u00f6ruts\u00e4ttning f\u00f6r att kunna bidra till klimatm\u00e5len.<\/p><\/div>\n\t\t\t\t<\/div>\n\t\t\t\t\t\t\t<div class=\"elementor-toggle-item\">\n\t\t\t\t\t<div id=\"elementor-tab-title-1513\" class=\"elementor-tab-title\" data-tab=\"3\" role=\"button\" aria-controls=\"elementor-tab-content-1513\" aria-expanded=\"false\">\n\t\t\t\t\t\t\t\t\t\t\t\t<span class=\"elementor-toggle-icon elementor-toggle-icon-right\" aria-hidden=\"true\">\n\t\t\t\t\t\t\t\t\t\t\t\t\t\t\t<span class=\"elementor-toggle-icon-closed\"><i class=\"fas fa-chevron-down\"><\/i><\/span>\n\t\t\t\t\t\t\t\t<span class=\"elementor-toggle-icon-opened\"><i class=\"elementor-toggle-icon-opened fas fa-chevron-up\"><\/i><\/span>\n\t\t\t\t\t\t\t\t\t\t\t\t\t<\/span>\n\t\t\t\t\t\t\t\t\t\t\t\t<a class=\"elementor-toggle-title\" tabindex=\"0\">H\u00e4nger ombyggnationen ihop med fastlandskabeln?<\/a>\n\t\t\t\t\t<\/div>\n\n\t\t\t\t\t<div id=\"elementor-tab-content-1513\" class=\"elementor-tab-content elementor-clearfix\" data-tab=\"3\" role=\"region\" aria-labelledby=\"elementor-tab-title-1513\"><p>I maj 2023 meddelade Svenska kraftn\u00e4t (Svk) att de kommer att bygga ut stamn\u00e4tet att \u00e4ven omfatta Gotland. Beslutet om utbyggnad av Gotlandsf\u00f6rbindelsen med dubbla sj\u00f6kablar \u00e4r avg\u00f6rande f\u00f6r \u00f6ns energiomst\u00e4llning. Beslutet blev ocks\u00e5 startskottet f\u00f6r investeringsprogrammet Kapacitet Gotland.<\/p><p><a href=\"https:\/\/www.svk.se\/utveckling-av-kraftsystemet\/transmissionsnatet\/transmissionsnatsprojekt\/gotland\/\" target=\"_blank\" rel=\"noopener\">L\u00e4s nyheter och mer information om Svenska Kraftn\u00e4ts p\u00e5g\u00e5ende arbete med f\u00f6rbindelsen.<\/a><\/p><\/div>\n\t\t\t\t<\/div>\n\t\t\t\t\t\t\t<div class=\"elementor-toggle-item\">\n\t\t\t\t\t<div id=\"elementor-tab-title-1514\" class=\"elementor-tab-title\" data-tab=\"4\" role=\"button\" aria-controls=\"elementor-tab-content-1514\" aria-expanded=\"false\">\n\t\t\t\t\t\t\t\t\t\t\t\t<span class=\"elementor-toggle-icon elementor-toggle-icon-right\" aria-hidden=\"true\">\n\t\t\t\t\t\t\t\t\t\t\t\t\t\t\t<span class=\"elementor-toggle-icon-closed\"><i class=\"fas fa-chevron-down\"><\/i><\/span>\n\t\t\t\t\t\t\t\t<span class=\"elementor-toggle-icon-opened\"><i class=\"elementor-toggle-icon-opened fas fa-chevron-up\"><\/i><\/span>\n\t\t\t\t\t\t\t\t\t\t\t\t\t<\/span>\n\t\t\t\t\t\t\t\t\t\t\t\t<a class=\"elementor-toggle-title\" tabindex=\"0\">Luftledning, mark- eller sj\u00f6kabel? Hur v\u00e4ljer man teknik?<\/a>\n\t\t\t\t\t<\/div>\n\n\t\t\t\t\t<div id=\"elementor-tab-content-1514\" class=\"elementor-tab-content elementor-clearfix\" data-tab=\"4\" role=\"region\" aria-labelledby=\"elementor-tab-title-1514\"><p>Det finns tre olika tekniker att \u00f6verf\u00f6ra el p\u00e5; luftledning, markkabel eller sj\u00f6kabel. Valet av teknik har olika syfte och driftsm\u00e4ssiga konsekvenser beroende p\u00e5 sp\u00e4nningsniv\u00e5n i eln\u00e4tet. N\u00e4r vi ska bygga eller f\u00f6rb\u00e4ttra en del av eln\u00e4tet, utg\u00e5r vi alltid fr\u00e5n den l\u00f6sning som \u00e4r mest drifts\u00e4ker och effektiv.<\/p><p>Med s\u00e4ker tillf\u00f6rlitlig teknik och l\u00e5ng livsl\u00e4ngd \u00e4r luftledningar det f\u00f6rordade teknikvalet. Valet baseras p\u00e5 s\u00e5v\u00e4l regelverk, ekonomi och milj\u00f6. Andra f\u00f6rdelar \u00e4r att det g\u00e5r snabbt att lokalisera eventuella fel vid str\u00f6mavbrott. I undantagsfall vid brist p\u00e5 utrymme kan\u00a0 markkabel anv\u00e4ndas.<\/p><p>H\u00e4nsyn m\u00e5ste tas till ledningens funktion i f\u00f6rh\u00e5llande till hela elsystemet och till m\u00e5nga olika intressen s\u00e5som naturskydd, vattent\u00e4kter, kulturminnen, kommunala planer och eventuella andra riksintressen.<\/p><\/div>\n\t\t\t\t<\/div>\n\t\t\t\t\t\t\t\t<\/div>\n\t\t\t\t\t\t<\/div>\n\t\t\t\t<\/div>\n\t\t\t\t\t<\/div>\n\t\t<\/div>\n\t\t\t\t\t<\/div>\n\t\t<\/section>\n\t\t\t\t\t<\/div>\n\t\t<\/div>\n\t\t\t\t\t<\/div>\n\t\t<\/section>\n\t\t<div class=\"elementor-element elementor-element-17a7dc23 e-flex e-con-boxed e-con e-parent\" data-id=\"17a7dc23\" data-element_type=\"container\" data-e-type=\"container\" data-settings=\"{&quot;background_background&quot;:&quot;classic&quot;}\">\n\t\t\t\t\t<div class=\"e-con-inner\">\n\t\t\t\t<div class=\"elementor-element elementor-element-5fa1ca7 elementor-widget elementor-widget-menu-anchor\" data-id=\"5fa1ca7\" data-element_type=\"widget\" data-e-type=\"widget\" data-widget_type=\"menu-anchor.default\">\n\t\t\t\t<div class=\"elementor-widget-container\">\n\t\t\t\t\t\t\t<div class=\"elementor-menu-anchor\" id=\"processen\"><\/div>\n\t\t\t\t\t\t<\/div>\n\t\t\t\t<\/div>\n\t\t<div class=\"elementor-element elementor-element-c9af6ac e-flex e-con-boxed e-con e-child\" data-id=\"c9af6ac\" data-element_type=\"container\" data-e-type=\"container\" data-settings=\"{&quot;background_background&quot;:&quot;classic&quot;}\">\n\t\t\t\t\t<div class=\"e-con-inner\">\n\t\t\t\t<div class=\"elementor-element elementor-element-840d672 elementor-widget elementor-widget-heading\" data-id=\"840d672\" data-element_type=\"widget\" data-e-type=\"widget\" data-widget_type=\"heading.default\">\n\t\t\t\t<div class=\"elementor-widget-container\">\n\t\t\t\t\t<h2 class=\"elementor-heading-title elementor-size-default\">Ans\u00f6kningsprocessen<\/h2>\t\t\t\t<\/div>\n\t\t\t\t<\/div>\n\t\t\t\t<div class=\"elementor-element elementor-element-5a66babd elementor-widget elementor-widget-text-editor\" data-id=\"5a66babd\" data-element_type=\"widget\" data-e-type=\"widget\" data-widget_type=\"text-editor.default\">\n\t\t\t\t<div class=\"elementor-widget-container\">\n\t\t\t\t\t\t\t\t\t<p>F\u00f6r att bygga och anv\u00e4nda elektriska starkstr\u00f6msanl\u00e4ggningar i Sverige kr\u00e4vs enligt ellagen att n\u00e4t\u00e4garen har ett s\u00e4rskilt tillst\u00e5nd, en s\u00e5 kallad n\u00e4tkoncession. Ans\u00f6kan om tillst\u00e5nd\/n\u00e4tkoncession pr\u00f6vas och beviljas av <a href=\"https:\/\/ei.se\/\">Energimarknadsinspektionen<\/a>.<\/p>\t\t\t\t\t\t\t\t<\/div>\n\t\t\t\t<\/div>\n\t\t\t\t<div class=\"elementor-element elementor-element-3bdfc3d3 elementor-widget elementor-widget-heading\" data-id=\"3bdfc3d3\" data-element_type=\"widget\" data-e-type=\"widget\" data-widget_type=\"heading.default\">\n\t\t\t\t<div class=\"elementor-widget-container\">\n\t\t\t\t\t<h4 class=\"elementor-heading-title elementor-size-default\">De olika  stegen i tillst\u00e5ndsprocessen<\/h4>\t\t\t\t<\/div>\n\t\t\t\t<\/div>\n\t\t\t\t<div class=\"elementor-element elementor-element-3191b704 e-n-tabs-mobile elementor-widget elementor-widget-n-tabs\" data-id=\"3191b704\" data-element_type=\"widget\" data-e-type=\"widget\" data-settings=\"{&quot;tabs_justify_horizontal&quot;:&quot;center&quot;,&quot;horizontal_scroll&quot;:&quot;disable&quot;}\" data-widget_type=\"nested-tabs.default\">\n\t\t\t\t<div class=\"elementor-widget-container\">\n\t\t\t\t\t\t\t<div class=\"e-n-tabs\" data-widget-number=\"831633156\" aria-label=\"Flikar. \u00d6ppna objekt med enter eller mellanslag, st\u00e4ng med escape och navigera med piltangenterna.\">\n\t\t\t<div class=\"e-n-tabs-heading\" role=\"tablist\">\n\t\t\t\t\t<button id=\"e-n-tab-title-8316331561\" data-tab-title-id=\"e-n-tab-title-8316331561\" class=\"e-n-tab-title\" aria-selected=\"true\" data-tab-index=\"1\" role=\"tab\" tabindex=\"0\" aria-controls=\"e-n-tab-content-8316331561\" style=\"--n-tabs-title-order: 1;\">\n\t\t\t\t\t\t<span class=\"e-n-tab-title-text\">\n\t\t\t\tTillst\u00e5nd\t\t\t<\/span>\n\t\t<\/button>\n\t\t\t\t<button id=\"e-n-tab-title-8316331562\" data-tab-title-id=\"e-n-tab-title-8316331562\" class=\"e-n-tab-title\" aria-selected=\"false\" data-tab-index=\"2\" role=\"tab\" tabindex=\"-1\" aria-controls=\"e-n-tab-content-8316331562\" style=\"--n-tabs-title-order: 2;\">\n\t\t\t\t\t\t<span class=\"e-n-tab-title-text\">\n\t\t\t\tSamr\u00e5d\t\t\t<\/span>\n\t\t<\/button>\n\t\t\t\t<button id=\"e-n-tab-title-8316331563\" data-tab-title-id=\"e-n-tab-title-8316331563\" class=\"e-n-tab-title\" aria-selected=\"false\" data-tab-index=\"3\" role=\"tab\" tabindex=\"-1\" aria-controls=\"e-n-tab-content-8316331563\" style=\"--n-tabs-title-order: 3;\">\n\t\t\t\t\t\t<span class=\"e-n-tab-title-text\">\n\t\t\t\tMilj\u00f6p\u00e5verkan\t\t\t<\/span>\n\t\t<\/button>\n\t\t\t\t<button id=\"e-n-tab-title-8316331564\" data-tab-title-id=\"e-n-tab-title-8316331564\" class=\"e-n-tab-title\" aria-selected=\"false\" data-tab-index=\"4\" role=\"tab\" tabindex=\"-1\" aria-controls=\"e-n-tab-content-8316331564\" style=\"--n-tabs-title-order: 4;\">\n\t\t\t\t\t\t<span class=\"e-n-tab-title-text\">\n\t\t\t\tMKB\t\t\t<\/span>\n\t\t<\/button>\n\t\t\t\t<button id=\"e-n-tab-title-8316331565\" data-tab-title-id=\"e-n-tab-title-8316331565\" class=\"e-n-tab-title\" aria-selected=\"false\" data-tab-index=\"5\" role=\"tab\" tabindex=\"-1\" aria-controls=\"e-n-tab-content-8316331565\" style=\"--n-tabs-title-order: 5;\">\n\t\t\t\t\t\t<span class=\"e-n-tab-title-text\">\n\t\t\t\tAns\u00f6kan till Ei\t\t\t<\/span>\n\t\t<\/button>\n\t\t\t\t<button id=\"e-n-tab-title-8316331566\" data-tab-title-id=\"e-n-tab-title-8316331566\" class=\"e-n-tab-title\" aria-selected=\"false\" data-tab-index=\"6\" role=\"tab\" tabindex=\"-1\" aria-controls=\"e-n-tab-content-8316331566\" style=\"--n-tabs-title-order: 6;\">\n\t\t\t\t\t\t<span class=\"e-n-tab-title-text\">\n\t\t\t\tBeslut\t\t\t<\/span>\n\t\t<\/button>\n\t\t\t\t<button id=\"e-n-tab-title-8316331567\" data-tab-title-id=\"e-n-tab-title-8316331567\" class=\"e-n-tab-title\" aria-selected=\"false\" data-tab-index=\"7\" role=\"tab\" tabindex=\"-1\" aria-controls=\"e-n-tab-content-8316331567\" style=\"--n-tabs-title-order: 7;\">\n\t\t\t\t\t\t<span class=\"e-n-tab-title-text\">\n\t\t\t\tMark\u00e5tkomst\t\t\t<\/span>\n\t\t<\/button>\n\t\t\t\t<button id=\"e-n-tab-title-8316331568\" data-tab-title-id=\"e-n-tab-title-8316331568\" class=\"e-n-tab-title\" aria-selected=\"false\" data-tab-index=\"8\" role=\"tab\" tabindex=\"-1\" aria-controls=\"e-n-tab-content-8316331568\" style=\"--n-tabs-title-order: 8;\">\n\t\t\t\t\t\t<span class=\"e-n-tab-title-text\">\n\t\t\t\tBygge\t\t\t<\/span>\n\t\t<\/button>\n\t\t\t\t\t<\/div>\n\t\t\t<div class=\"e-n-tabs-content\">\n\t\t\t\t<div id=\"e-n-tab-content-8316331561\" role=\"tabpanel\" aria-labelledby=\"e-n-tab-title-8316331561\" data-tab-index=\"1\" style=\"--n-tabs-title-order: 1;\" class=\"e-active elementor-element elementor-element-437d33c6 e-flex e-con-boxed e-con e-child\" data-id=\"437d33c6\" data-element_type=\"container\" data-e-type=\"container\" data-settings=\"{&quot;background_background&quot;:&quot;classic&quot;}\">\n\t\t\t\t\t<div class=\"e-con-inner\">\n\t\t\t\t<div class=\"elementor-element elementor-element-140c6768 elementor-widget elementor-widget-text-editor\" data-id=\"140c6768\" data-element_type=\"widget\" data-e-type=\"widget\" data-widget_type=\"text-editor.default\">\n\t\t\t\t<div class=\"elementor-widget-container\">\n\t\t\t\t\t\t\t\t\t<p>F\u00f6r att bygga och anv\u00e4nda elektriska starkstr\u00f6msanl\u00e4ggningar i Sverige kr\u00e4vs enligt ellagen (1997:857) att n\u00e4t\u00e4garen har ett s\u00e4rskilt tillst\u00e5nd, en s\u00e5 kallad n\u00e4tkoncession. Ans\u00f6kan om n\u00e4tkoncession pr\u00f6vas av Energimarknadsinspektionen och tillst\u00e5nd beviljas vanligtvis tills vidare med m\u00f6jlighet till ompr\u00f6vning efter 40 \u00e5r. Gotlands Eln\u00e4ts uppdrag \u00e4r att leverera en drifts\u00e4ker elf\u00f6rs\u00f6rjning p\u00e5 Gotland.<\/p>\t\t\t\t\t\t\t\t<\/div>\n\t\t\t\t<\/div>\n\t\t\t\t<div class=\"elementor-element elementor-element-967ed09 elementor-widget elementor-widget-spacer\" data-id=\"967ed09\" data-element_type=\"widget\" data-e-type=\"widget\" data-widget_type=\"spacer.default\">\n\t\t\t\t<div class=\"elementor-widget-container\">\n\t\t\t\t\t\t\t<div class=\"elementor-spacer\">\n\t\t\t<div class=\"elementor-spacer-inner\"><\/div>\n\t\t<\/div>\n\t\t\t\t\t\t<\/div>\n\t\t\t\t<\/div>\n\t\t\t\t\t<\/div>\n\t\t\t\t<\/div>\n\t\t<div id=\"e-n-tab-content-8316331562\" role=\"tabpanel\" aria-labelledby=\"e-n-tab-title-8316331562\" data-tab-index=\"2\" style=\"--n-tabs-title-order: 2;\" class=\" elementor-element elementor-element-5e37714 e-flex e-con-boxed e-con e-child\" data-id=\"5e37714\" data-element_type=\"container\" data-e-type=\"container\">\n\t\t\t\t\t<div class=\"e-con-inner\">\n\t\t\t\t<div class=\"elementor-element elementor-element-47d3613a elementor-fixed elementor-widget elementor-widget-text-editor\" data-id=\"47d3613a\" data-element_type=\"widget\" data-e-type=\"widget\" data-settings=\"{&quot;_position&quot;:&quot;fixed&quot;}\" data-widget_type=\"text-editor.default\">\n\t\t\t\t<div class=\"elementor-widget-container\">\n\t\t\t\t\t\t\t\t\t<p>Lorem ipsum dolor sit amet,<br>consectetur adipiscing elit. <br>Ut elit tellus, luctus nec ullamcorper <br>mattis, <br>pulvinar dapibus leo.<\/p>\t\t\t\t\t\t\t\t<\/div>\n\t\t\t\t<\/div>\n\t\t<div class=\"elementor-element elementor-element-4b1e73b2 e-flex e-con-boxed e-con e-child\" data-id=\"4b1e73b2\" data-element_type=\"container\" data-e-type=\"container\" data-settings=\"{&quot;background_background&quot;:&quot;classic&quot;}\">\n\t\t\t\t\t<div class=\"e-con-inner\">\n\t\t\t\t<div class=\"elementor-element elementor-element-1e7186b2 elementor-widget elementor-widget-text-editor\" data-id=\"1e7186b2\" data-element_type=\"widget\" data-e-type=\"widget\" data-widget_type=\"text-editor.default\">\n\t\t\t\t<div class=\"elementor-widget-container\">\n\t\t\t\t\t\t\t\t\t<span style=\"font-size: small\">Tillst\u00e5ndsprocessen inleds med ett samr\u00e5d d\u00e4r vi presenterar f\u00f6rslag till ledningstr\u00e4ckningar. P\u00e5 samr\u00e5det ger m\u00f6jlighet f\u00f6r den som ber\u00f6rs av ledningen att framf\u00f6ra sina synpunkter p\u00e5 f\u00f6reslagna str\u00e4ckningar.  I s\u00e5 stor m\u00e5n som m\u00f6jligt tar vi h\u00e4nsyn till de synpunkter som framf\u00f6rs och anpassar v\u00e5r ledningsdragning d\u00e4refter.\n<br><br>\nUnders\u00f6kningssamr\u00e5d  h\u00e5lls med L\u00e4nsstyrelsen, Region Gotland och enskilda s\u00e4rskilt ber\u00f6rda. Avgr\u00e4nsningssamr\u00e5d h\u00e5lls med \u00f6vriga statliga myndigheter, organisationer och intressenter och mark\u00e4gare som kan antas bli ber\u00f6rda. \nN\u00e4r samr\u00e5det \u00e4r avslutat sammanst\u00e4lls inkomna yttranden i en samr\u00e5dsredog\u00f6relse som utg\u00f6r underlag f\u00f6r l\u00e4nsstyrelsens beslut om betydande milj\u00f6p\u00e5verkan.\n<\/span>\t\t\t\t\t\t\t\t<\/div>\n\t\t\t\t<\/div>\n\t\t\t\t\t<\/div>\n\t\t\t\t<\/div>\n\t\t\t\t\t<\/div>\n\t\t\t\t<\/div>\n\t\t<div id=\"e-n-tab-content-8316331563\" role=\"tabpanel\" aria-labelledby=\"e-n-tab-title-8316331563\" data-tab-index=\"3\" style=\"--n-tabs-title-order: 3;\" class=\" elementor-element elementor-element-255c8e11 e-con-full e-flex e-con e-child\" data-id=\"255c8e11\" data-element_type=\"container\" data-e-type=\"container\" data-settings=\"{&quot;background_background&quot;:&quot;classic&quot;}\">\n\t\t<div class=\"elementor-element elementor-element-5c68dc9b e-flex e-con-boxed e-con e-child\" data-id=\"5c68dc9b\" data-element_type=\"container\" data-e-type=\"container\">\n\t\t\t\t\t<div class=\"e-con-inner\">\n\t\t\t\t<div class=\"elementor-element elementor-element-7b06629 elementor-widget elementor-widget-text-editor\" data-id=\"7b06629\" data-element_type=\"widget\" data-e-type=\"widget\" data-widget_type=\"text-editor.default\">\n\t\t\t\t<div class=\"elementor-widget-container\">\n\t\t\t\t\t\t\t\t\t<p><span style=\"font-size: small\">Innan en ans\u00f6kan om koncession l\u00e4mnas in till Energimarknadsinspektionen ska l\u00e4nsstyrelsen pr\u00f6va om verksamheten kan antas medf\u00f6ra betydande milj\u00f6p\u00e5verkan. L\u00e4nsstyrelsens bed\u00f6mning ligger i grund f\u00f6r hur omfattande milj\u00f6konsekvensbeskrivning som ska tas fram till koncessionsans\u00f6kan.<\/span><\/p>\t\t\t\t\t\t\t\t<\/div>\n\t\t\t\t<\/div>\n\t\t\t\t\t<\/div>\n\t\t\t\t<\/div>\n\t\t\t\t<\/div>\n\t\t<div id=\"e-n-tab-content-8316331564\" role=\"tabpanel\" aria-labelledby=\"e-n-tab-title-8316331564\" data-tab-index=\"4\" style=\"--n-tabs-title-order: 4;\" class=\" elementor-element elementor-element-71b9c31 e-flex e-con-boxed e-con e-child\" data-id=\"71b9c31\" data-element_type=\"container\" data-e-type=\"container\" data-settings=\"{&quot;background_background&quot;:&quot;classic&quot;}\">\n\t\t\t\t\t<div class=\"e-con-inner\">\n\t\t<div class=\"elementor-element elementor-element-74dd069b e-flex e-con-boxed e-con e-child\" data-id=\"74dd069b\" data-element_type=\"container\" data-e-type=\"container\" data-settings=\"{&quot;background_background&quot;:&quot;classic&quot;}\">\n\t\t\t\t\t<div class=\"e-con-inner\">\n\t\t\t\t<div class=\"elementor-element elementor-element-2eb3e526 elementor-widget elementor-widget-text-editor\" data-id=\"2eb3e526\" data-element_type=\"widget\" data-e-type=\"widget\" data-widget_type=\"text-editor.default\">\n\t\t\t\t<div class=\"elementor-widget-container\">\n\t\t\t\t\t\t\t\t\t<p><span style=\"font-size: small\">Milj\u00f6konsekvensbeskrivningen (MKB) ska identifiera och beskriva alla de direkta och indirekta effekter som en ledning kan ha p\u00e5 m\u00e4nniskor, naturmilj\u00f6, klimat, landskap och kulturmilj\u00f6, hush\u00e5llningen med mark och vatten och den fysiska milj\u00f6n i \u00f6vrigt. F\u00f6r att identifiera och beskriva de direkta och indirekta effekterna av den planerade ledningen tas underlag fram genom flera typer av kartl\u00e4ggning.<br \/><br \/><br \/>\u00c4ven upplysningar och synpunkter fr\u00e5n samr\u00e5det, samt v\u00e5ra bem\u00f6tanden p\u00e5 dessa, sammanst\u00e4lls i en samr\u00e5dsredog\u00f6relse, som \u00e4r en del av koncessionsans\u00f6kan.<br \/><\/span><\/p>\t\t\t\t\t\t\t\t<\/div>\n\t\t\t\t<\/div>\n\t\t\t\t\t<\/div>\n\t\t\t\t<\/div>\n\t\t\t\t\t<\/div>\n\t\t\t\t<\/div>\n\t\t<div id=\"e-n-tab-content-8316331565\" role=\"tabpanel\" aria-labelledby=\"e-n-tab-title-8316331565\" data-tab-index=\"5\" style=\"--n-tabs-title-order: 5;\" class=\" elementor-element elementor-element-a72dcb6 e-flex e-con-boxed e-con e-child\" data-id=\"a72dcb6\" data-element_type=\"container\" data-e-type=\"container\" data-settings=\"{&quot;background_background&quot;:&quot;classic&quot;}\">\n\t\t\t\t\t<div class=\"e-con-inner\">\n\t\t<div class=\"elementor-element elementor-element-5fc993c e-flex e-con-boxed e-con e-child\" data-id=\"5fc993c\" data-element_type=\"container\" data-e-type=\"container\">\n\t\t\t\t\t<div class=\"e-con-inner\">\n\t\t\t\t<div class=\"elementor-element elementor-element-76d9196a elementor-widget elementor-widget-text-editor\" data-id=\"76d9196a\" data-element_type=\"widget\" data-e-type=\"widget\" data-widget_type=\"text-editor.default\">\n\t\t\t\t<div class=\"elementor-widget-container\">\n\t\t\t\t\t\t\t\t\t<span style=\"font-size: small\">Tillst\u00e5nd- \/ Koncessionsans\u00f6kan skickas till Energimarknadsinspektionen (Ei) f\u00f6r en bed\u00f6mning. Ans\u00f6kan inneh\u00e5ller information och syfte med anl\u00e4ggningen, dess lokalisering, str\u00e4ckning, milj\u00f6p\u00e5verkan och tekniskt utf\u00f6rande. Flera dokument ska bifogas koncessionsans\u00f6kan, d\u00e4ribland milj\u00f6konsekvensbeskrivning (MKB), inventeringar, teknisk beskrivning och en samr\u00e5dsredog\u00f6relse.\n<br><br>\nEnergimarknadsinspektionen hanterar ans\u00f6kan och avg\u00f6r om den ska kompletteras med n\u00e5gon ytterligare information. N\u00e4r ans\u00f6kan \u00e4r komplett skickar Ei ut koncessionsans\u00f6kan p\u00e5 remiss till samtliga ber\u00f6rda myndigheter och sak\u00e4gare f\u00f6r att inh\u00e4mta yttranden. Som s\u00f6kande ges vi ocks\u00e5 m\u00f6jlighet att besvara inkomna yttranden till Energimarknadsinspektionen.\n<\/span>\t\t\t\t\t\t\t\t<\/div>\n\t\t\t\t<\/div>\n\t\t\t\t\t<\/div>\n\t\t\t\t<\/div>\n\t\t\t\t\t<\/div>\n\t\t\t\t<\/div>\n\t\t<div id=\"e-n-tab-content-8316331566\" role=\"tabpanel\" aria-labelledby=\"e-n-tab-title-8316331566\" data-tab-index=\"6\" style=\"--n-tabs-title-order: 6;\" class=\" elementor-element elementor-element-4b0375b0 e-flex e-con-boxed e-con e-child\" data-id=\"4b0375b0\" data-element_type=\"container\" data-e-type=\"container\" data-settings=\"{&quot;background_background&quot;:&quot;classic&quot;}\">\n\t\t\t\t\t<div class=\"e-con-inner\">\n\t\t<div class=\"elementor-element elementor-element-7ab2bdc8 e-flex e-con-boxed e-con e-child\" data-id=\"7ab2bdc8\" data-element_type=\"container\" data-e-type=\"container\">\n\t\t\t\t\t<div class=\"e-con-inner\">\n\t\t\t\t<div class=\"elementor-element elementor-element-1895084b elementor-widget elementor-widget-text-editor\" data-id=\"1895084b\" data-element_type=\"widget\" data-e-type=\"widget\" data-widget_type=\"text-editor.default\">\n\t\t\t\t<div class=\"elementor-widget-container\">\n\t\t\t\t\t\t\t\t\t<span style=\"font-size: small\">Energimarknadsinspektionen (Ei) pr\u00f6var ans\u00f6kan juridiskt enligt ellagen och milj\u00f6balken och beslutar om tillst\u00e5nd. Ei:s beslut kan \u00f6verklagas till mark- och milj\u00f6domstolen. Mark- och milj\u00f6domstolens dom i m\u00e5let kan i sin tur \u00f6verklagas till Mark- och milj\u00f6\u00f6verdomstolen, som d\u00e5 beslutar om pr\u00f6vningstillst\u00e5nd. Nekas m\u00e5let pr\u00f6vningstillst\u00e5nd vinner tillst\u00e5ndet laga kraft.<\/span>\t\t\t\t\t\t\t\t<\/div>\n\t\t\t\t<\/div>\n\t\t\t\t\t<\/div>\n\t\t\t\t<\/div>\n\t\t\t\t\t<\/div>\n\t\t\t\t<\/div>\n\t\t<div id=\"e-n-tab-content-8316331567\" role=\"tabpanel\" aria-labelledby=\"e-n-tab-title-8316331567\" data-tab-index=\"7\" style=\"--n-tabs-title-order: 7;\" class=\" elementor-element elementor-element-820300d e-flex e-con-boxed e-con e-child\" data-id=\"820300d\" data-element_type=\"container\" data-e-type=\"container\" data-settings=\"{&quot;background_background&quot;:&quot;classic&quot;}\">\n\t\t\t\t\t<div class=\"e-con-inner\">\n\t\t<div class=\"elementor-element elementor-element-64edbf89 e-flex e-con-boxed e-con e-child\" data-id=\"64edbf89\" data-element_type=\"container\" data-e-type=\"container\">\n\t\t\t\t\t<div class=\"e-con-inner\">\n\t\t\t\t<div class=\"elementor-element elementor-element-3883bde6 elementor-widget elementor-widget-text-editor\" data-id=\"3883bde6\" data-element_type=\"widget\" data-e-type=\"widget\" data-widget_type=\"text-editor.default\">\n\t\t\t\t<div class=\"elementor-widget-container\">\n\t\t\t\t\t\t\t\t\t<span style=\"font-size: small\">N\u00e4r koncessionsans\u00f6kan skickas in p\u00e5b\u00f6rjas arbetet med mark\u00e5tkomst och delprojektering hur arbetet tekniskt och praktiskt ska g\u00e5 till. F\u00f6r att kunna bygga beh\u00f6ver vi tillg\u00e5ng till mark som \u00e4gs av privatpersoner, Region Gotland eller andra akt\u00f6rer.<\/span>\n\n<span style=\"font-size: small\"><p><p>\nAvtal tecknas med ber\u00f6rda fastighets\u00e4gare (markuppl\u00e5telseavtal) som kompenseras med en eng\u00e5ngsers\u00e4ttning (intr\u00e5ngsers\u00e4ttning). I de fall d\u00e4r det \u00e4r sv\u00e5rt att hitta en gemensam l\u00f6sning finns det m\u00f6jlighet f\u00f6r oss som eln\u00e4ts\u00e4gare att ans\u00f6ka om ledningsr\u00e4tt, som inneb\u00e4r att Lantm\u00e4teriet pr\u00f6var m\u00f6jligheten att l\u00e4mna \u00e5tkomst till fastigheterna och vilken ers\u00e4ttning som ska utg\u00e5.<\/span>\t\t\t\t\t\t\t\t<\/div>\n\t\t\t\t<\/div>\n\t\t\t\t\t<\/div>\n\t\t\t\t<\/div>\n\t\t\t\t\t<\/div>\n\t\t\t\t<\/div>\n\t\t<div id=\"e-n-tab-content-8316331568\" role=\"tabpanel\" aria-labelledby=\"e-n-tab-title-8316331568\" data-tab-index=\"8\" style=\"--n-tabs-title-order: 8;\" class=\" elementor-element elementor-element-16b907c7 e-flex e-con-boxed e-con e-child\" data-id=\"16b907c7\" data-element_type=\"container\" data-e-type=\"container\" data-settings=\"{&quot;background_background&quot;:&quot;classic&quot;}\">\n\t\t\t\t\t<div class=\"e-con-inner\">\n\t\t<div class=\"elementor-element elementor-element-b3654a7 e-flex e-con-boxed e-con e-child\" data-id=\"b3654a7\" data-element_type=\"container\" data-e-type=\"container\">\n\t\t\t\t\t<div class=\"e-con-inner\">\n\t\t\t\t<div class=\"elementor-element elementor-element-655f84be elementor-widget elementor-widget-text-editor\" data-id=\"655f84be\" data-element_type=\"widget\" data-e-type=\"widget\" data-widget_type=\"text-editor.default\">\n\t\t\t\t<div class=\"elementor-widget-container\">\n\t\t\t\t\t\t\t\t\t<span style=\"font-size: small\">Efter att tillst\u00e5ndet har godk\u00e4nts kan delprojekteringen avslutas och bygget kan komma ig\u00e5ng. Kapacitet Gotland kommer best\u00e5 av upp till 40 delprojekt d\u00e4r flera kommer att tillst\u00e5ndspr\u00f6vas hos Energimarknadsinspektionen (Ei).<\/span>\t\t\t\t\t\t\t\t<\/div>\n\t\t\t\t<\/div>\n\t\t\t\t\t<\/div>\n\t\t\t\t<\/div>\n\t\t\t\t\t<\/div>\n\t\t\t\t<\/div>\n\t\t\t\t\t<\/div>\n\t\t<\/div>\n\t\t\t\t\t\t<\/div>\n\t\t\t\t<\/div>\n\t\t\t\t\t<\/div>\n\t\t\t\t<\/div>\n\t\t\t\t\t<\/div>\n\t\t\t\t<\/div>\n\t\t\t\t<section class=\"elementor-section elementor-top-section elementor-element elementor-element-859df4e elementor-section-boxed elementor-section-height-default elementor-section-height-default\" data-id=\"859df4e\" data-element_type=\"section\" data-e-type=\"section\">\n\t\t\t\t\t\t<div class=\"elementor-container elementor-column-gap-default\">\n\t\t\t\t\t<div class=\"elementor-column elementor-col-100 elementor-top-column elementor-element elementor-element-bccbcfa\" data-id=\"bccbcfa\" data-element_type=\"column\" data-e-type=\"column\" data-settings=\"{&quot;background_background&quot;:&quot;classic&quot;}\">\n\t\t\t<div class=\"elementor-widget-wrap elementor-element-populated\">\n\t\t\t\t\t\t<div class=\"elementor-element elementor-element-3fd3940 elementor-widget elementor-widget-heading\" data-id=\"3fd3940\" data-element_type=\"widget\" data-e-type=\"widget\" data-widget_type=\"heading.default\">\n\t\t\t\t<div class=\"elementor-widget-container\">\n\t\t\t\t\t<h2 class=\"elementor-heading-title elementor-size-default\">Samh\u00e4llsnytta och milj\u00f6p\u00e5verkan<\/h2>\t\t\t\t<\/div>\n\t\t\t\t<\/div>\n\t\t\t\t<div class=\"elementor-element elementor-element-b9e6b9a elementor-widget elementor-widget-text-editor\" data-id=\"b9e6b9a\" data-element_type=\"widget\" data-e-type=\"widget\" data-widget_type=\"text-editor.default\">\n\t\t\t\t<div class=\"elementor-widget-container\">\n\t\t\t\t\t\t\t\t\t<p>Utbyggnaden av eln\u00e4tets infrastruktur \u00e4r en f\u00f6ruts\u00e4ttning f\u00f6r att industrier och transportsektorn p\u00e5 Gotland ska kunna st\u00e4lla om och d\u00e4rmed sl\u00e4ppa ut mindre v\u00e4xthusgaser. \u00d6kad kapacitet i eln\u00e4tet g\u00f6r det \u00e4ven m\u00f6jligt att ta hand om den \u00f6kande elproduktionen fr\u00e5n sm\u00e5 och stora producenter av sol- \u00a0och vindkraft.<\/p><p>Ut\u00f6ver dessa positiva effekter p\u00e5 flera nationella och internationella milj\u00f6- och klimatm\u00e5l f\u00f6rv\u00e4ntas Kapacitet Gotland ocks\u00e5 medf\u00f6ra en stor potential f\u00f6r etablerade f\u00f6retag att ut\u00f6ka sin verksamhet och g\u00f6ra det m\u00f6jligt f\u00f6r nya n\u00e4ringar att etablera sig p\u00e5 \u00f6n.<\/p><p>Detta \u00e4r n\u00e5gra av slutsatserna i en rapport fr\u00e5n Sweco som p\u00e5 uppdrag av Geab och med medel fr\u00e5n EU:s Fonden f\u00f6r r\u00e4ttvis omst\u00e4llning genomf\u00f6rt en samh\u00e4llsekonomisk systemanalys av den planerade uppgraderingen av eln\u00e4tets infrastruktur inom Kapacitet Gotland.<span class=\"TextRun SCXW230741135 BCX8\" lang=\"SV-SE\" xml:lang=\"SV-SE\" data-contrast=\"none\"><span class=\"NormalTextRun SCXW230741135 BCX8\">\u00a0<\/span><\/span><span class=\"EOP SCXW230741135 BCX8\" data-ccp-props=\"{&quot;201341983&quot;:0,&quot;335559739&quot;:160,&quot;335559740&quot;:259}\">\u00a0<\/span><\/p>\t\t\t\t\t\t\t\t<\/div>\n\t\t\t\t<\/div>\n\t\t\t\t<div class=\"elementor-element elementor-element-f6ae8a2 elementor-icon-list--layout-traditional elementor-list-item-link-full_width elementor-widget elementor-widget-icon-list\" data-id=\"f6ae8a2\" data-element_type=\"widget\" data-e-type=\"widget\" data-widget_type=\"icon-list.default\">\n\t\t\t\t<div class=\"elementor-widget-container\">\n\t\t\t\t\t\t\t<ul class=\"elementor-icon-list-items\">\n\t\t\t\t\t\t\t<li class=\"elementor-icon-list-item\">\n\t\t\t\t\t\t\t\t\t\t\t<a href=\"https:\/\/geab.se\/elnat\/wp-content\/uploads\/sites\/3\/2024\/10\/Rapport-Sweco-Det-gotlandska-elnatets-uppgradering-EU.pdf\" target=\"_blank\">\n\n\t\t\t\t\t\t\t\t\t\t\t\t<span class=\"elementor-icon-list-icon\">\n\t\t\t\t\t\t\t<svg xmlns=\"http:\/\/www.w3.org\/2000\/svg\" xmlns:xlink=\"http:\/\/www.w3.org\/1999\/xlink\" id=\"Ebene_1\" x=\"0px\" y=\"0px\" viewBox=\"0 0 283.5 283.5\" style=\"enable-background:new 0 0 283.5 283.5;\" xml:space=\"preserve\"><path d=\"M99,201.4l28.8,28.8V156h28v74.1l28.8-28.8l19.6,19.8l-62.3,62.3l-62.3-62.3L99,201.4z M283.5,163v-14.1l0,0V0H0v121.5v27.4 v20.2l0,0V184h99v-28H28l0.3-7.1h0.1V28.4h226.7v120.5l0,0L255,156h-71v28h99L283.5,163z M61.3,63.7h30c12.6,0,21.6,5.9,21.6,17.5 s-9,17.6-21.6,17.6H75.5v21.6H61.3V63.7z M89.9,88c5.3,0,8.4-2.2,8.4-6.7s-3.1-6.7-8.4-6.7H75.5V88H89.9z M119.3,63.7h26.6 c17.3,0,29.4,10,29.4,28.3c0,18.4-12.1,28.3-29.4,28.3h-26.6C119.3,120.3,119.3,63.7,119.3,63.7z M144,109c10.3,0,16.3-5.9,16.3-17 s-5.9-17-16.3-17h-10.6v34H144z M196.4,75v10.3h22.7v10.9h-22.7v24.1h-14.2V63.7h39.9V75H196.4z\"><\/path><\/svg>\t\t\t\t\t\t<\/span>\n\t\t\t\t\t\t\t\t\t\t<span class=\"elementor-icon-list-text\">Rapport: Det gotl\u00e4ndska eln\u00e4tets uppgradering - en analys av samh\u00e4llsnyttor och milj\u00f6p\u00e5verkan<\/span>\n\t\t\t\t\t\t\t\t\t\t\t<\/a>\n\t\t\t\t\t\t\t\t\t<\/li>\n\t\t\t\t\t\t<\/ul>\n\t\t\t\t\t\t<\/div>\n\t\t\t\t<\/div>\n\t\t\t\t\t<\/div>\n\t\t<\/div>\n\t\t\t\t\t<\/div>\n\t\t<\/section>\n\t\t\t\t<section class=\"elementor-section elementor-top-section elementor-element elementor-element-28142d00 elementor-reverse-mobile elementor-section-boxed elementor-section-height-default elementor-section-height-default\" data-id=\"28142d00\" data-element_type=\"section\" data-e-type=\"section\" data-settings=\"{&quot;background_background&quot;:&quot;classic&quot;}\">\n\t\t\t\t\t\t<div class=\"elementor-container elementor-column-gap-no\">\n\t\t\t\t\t<div class=\"elementor-column elementor-col-100 elementor-top-column elementor-element elementor-element-7cbb43d6\" data-id=\"7cbb43d6\" data-element_type=\"column\" data-e-type=\"column\" data-settings=\"{&quot;background_background&quot;:&quot;classic&quot;}\">\n\t\t\t<div class=\"elementor-widget-wrap elementor-element-populated\">\n\t\t\t\t\t\t<div class=\"elementor-element elementor-element-52eb2ff8 elementor-widget elementor-widget-heading\" data-id=\"52eb2ff8\" data-element_type=\"widget\" data-e-type=\"widget\" data-widget_type=\"heading.default\">\n\t\t\t\t<div class=\"elementor-widget-container\">\n\t\t\t\t\t<h2 class=\"elementor-heading-title elementor-size-default\">L\u00e4nkar<\/h2>\t\t\t\t<\/div>\n\t\t\t\t<\/div>\n\t\t\t\t<div class=\"elementor-element elementor-element-213f82cf elementor-icon-list--layout-traditional elementor-list-item-link-full_width elementor-widget elementor-widget-icon-list\" data-id=\"213f82cf\" data-element_type=\"widget\" data-e-type=\"widget\" data-widget_type=\"icon-list.default\">\n\t\t\t\t<div class=\"elementor-widget-container\">\n\t\t\t\t\t\t\t<ul class=\"elementor-icon-list-items\">\n\t\t\t\t\t\t\t<li class=\"elementor-icon-list-item\">\n\t\t\t\t\t\t\t\t\t\t\t<a href=\"https:\/\/ei.se\/bransch\/koncessioner\" target=\"_blank\">\n\n\t\t\t\t\t\t\t\t\t\t\t\t<span class=\"elementor-icon-list-icon\">\n\t\t\t\t\t\t\t<i aria-hidden=\"true\" class=\"fas fa-link\"><\/i>\t\t\t\t\t\t<\/span>\n\t\t\t\t\t\t\t\t\t\t<span class=\"elementor-icon-list-text\">Energimarknadsinspektionen<\/span>\n\t\t\t\t\t\t\t\t\t\t\t<\/a>\n\t\t\t\t\t\t\t\t\t<\/li>\n\t\t\t\t\t\t\t\t<li class=\"elementor-icon-list-item\">\n\t\t\t\t\t\t\t\t\t\t\t<a href=\"https:\/\/ei.se\/bransch\/koncessioner\/lagar-och-regler---koncessioner\" target=\"_blank\">\n\n\t\t\t\t\t\t\t\t\t\t\t\t<span class=\"elementor-icon-list-icon\">\n\t\t\t\t\t\t\t<i aria-hidden=\"true\" class=\"fas fa-link\"><\/i>\t\t\t\t\t\t<\/span>\n\t\t\t\t\t\t\t\t\t\t<span class=\"elementor-icon-list-text\">Lagar och regler f\u00f6r n\u00e4tkoncession<\/span>\n\t\t\t\t\t\t\t\t\t\t\t<\/a>\n\t\t\t\t\t\t\t\t\t<\/li>\n\t\t\t\t\t\t\t\t<li class=\"elementor-icon-list-item\">\n\t\t\t\t\t\t\t\t\t\t\t<a href=\"https:\/\/www.svk.se\/utveckling-av-kraftsystemet\/transmissionsnatet\/transmissionsnatsprojekt\/gotland\/\" target=\"_blank\">\n\n\t\t\t\t\t\t\t\t\t\t\t\t<span class=\"elementor-icon-list-icon\">\n\t\t\t\t\t\t\t<i aria-hidden=\"true\" class=\"fas fa-link\"><\/i>\t\t\t\t\t\t<\/span>\n\t\t\t\t\t\t\t\t\t\t<span class=\"elementor-icon-list-text\">Svenska kraftn\u00e4t - Gotlandsf\u00f6rbindelsen<\/span>\n\t\t\t\t\t\t\t\t\t\t\t<\/a>\n\t\t\t\t\t\t\t\t\t<\/li>\n\t\t\t\t\t\t<\/ul>\n\t\t\t\t\t\t<\/div>\n\t\t\t\t<\/div>\n\t\t\t\t\t<\/div>\n\t\t<\/div>\n\t\t\t\t\t<\/div>\n\t\t<\/section>\n\t\t\t\t<\/div>\n\t\t","protected":false},"excerpt":{"rendered":"<p>Kapacitet Gotland Vi bygger framtidens eln\u00e4t F\u00f6r att m\u00f6ta framtidens \u00f6kade elbehov planerar Gotlands Eln\u00e4t att g\u00f6ra en utbyggnad och modernisering av eln\u00e4tet p\u00e5 Gotland. I projektet Kapacitet Gotland investerar vi stora summor f\u00f6r att f\u00f6rnya och kapacitetsh\u00f6ja hela det centrala eln\u00e4tet. Om Kapacitet Gotland Den \u00f6kade efterfr\u00e5gan p\u00e5 el, i och med utfasningen av [&hellip;]<\/p>\n","protected":false},"author":11,"featured_media":0,"parent":11539,"menu_order":0,"comment_status":"closed","ping_status":"closed","template":"elementor_header_footer","meta":{"_seopress_robots_primary_cat":"","_seopress_titles_title":"Kapacitet Gotland | Gotlands Eln\u00e4t","_seopress_titles_desc":"Kapacitet Gotland \u00e4r ett investeringsprogram f\u00f6r att kapacitetsh\u00f6ja v\u00e5rt centrala eln\u00e4t p\u00e5 \u00f6n, totalt investerar vi cirka 2 miljarder kronor. Arbetet f\u00f6rv\u00e4ntas p\u00e5g\u00e5 fram till 2040.","_seopress_robots_index":"","footnotes":""},"class_list":["post-12233","page","type-page","status-publish","hentry"],"_links":{"self":[{"href":"https:\/\/geab.se\/elnat\/wp-json\/wp\/v2\/pages\/12233","targetHints":{"allow":["GET"]}}],"collection":[{"href":"https:\/\/geab.se\/elnat\/wp-json\/wp\/v2\/pages"}],"about":[{"href":"https:\/\/geab.se\/elnat\/wp-json\/wp\/v2\/types\/page"}],"author":[{"embeddable":true,"href":"https:\/\/geab.se\/elnat\/wp-json\/wp\/v2\/users\/11"}],"replies":[{"embeddable":true,"href":"https:\/\/geab.se\/elnat\/wp-json\/wp\/v2\/comments?post=12233"}],"version-history":[{"count":645,"href":"https:\/\/geab.se\/elnat\/wp-json\/wp\/v2\/pages\/12233\/revisions"}],"predecessor-version":[{"id":106066,"href":"https:\/\/geab.se\/elnat\/wp-json\/wp\/v2\/pages\/12233\/revisions\/106066"}],"up":[{"embeddable":true,"href":"https:\/\/geab.se\/elnat\/wp-json\/wp\/v2\/pages\/11539"}],"wp:attachment":[{"href":"https:\/\/geab.se\/elnat\/wp-json\/wp\/v2\/media?parent=12233"}],"curies":[{"name":"wp","href":"https:\/\/api.w.org\/{rel}","templated":true}]}}